{"id":5924,"date":"2026-02-03T15:02:32","date_gmt":"2026-02-03T14:02:32","guid":{"rendered":"https:\/\/www.reservataximalaga.com\/?page_id=5924"},"modified":"2026-02-03T16:32:08","modified_gmt":"2026-02-03T15:32:08","slug":"visites-guidees","status":"publish","type":"page","link":"https:\/\/www.reservataximalaga.com\/fr\/visites-guidees\/","title":{"rendered":"Visites guid\u00e9es"},"content":{"rendered":"\t\t<div data-elementor-type=\"wp-page\" data-elementor-id=\"5924\" class=\"elementor elementor-5924 elementor-5517\" data-elementor-post-type=\"page\">\n\t\t\t\t<div class=\"elementor-element elementor-element-5a29556f e-flex e-con-boxed e-con e-parent\" data-id=\"5a29556f\" data-element_type=\"container\" data-e-type=\"container\" data-settings=\"{&quot;background_background&quot;:&quot;classic&quot;}\">\n\t\t\t\t\t<div class=\"e-con-inner\">\n\t\t\t\t<div class=\"elementor-element elementor-element-30f7cb44 elementor-widget elementor-widget-heading\" data-id=\"30f7cb44\" data-element_type=\"widget\" data-e-type=\"widget\" data-widget_type=\"heading.default\">\n\t\t\t\t\t<h1 class=\"elementor-heading-title elementor-size-default\">Visites guid\u00e9es\n<\/h1>\t\t\t\t<\/div>\n\t\t\t\t\t<\/div>\n\t\t\t\t<\/div>\n\t\t<div class=\"elementor-element elementor-element-21a47929 e-flex e-con-boxed e-con e-parent\" data-id=\"21a47929\" data-element_type=\"container\" data-e-type=\"container\">\n\t\t\t\t\t<div class=\"e-con-inner\">\n\t\t<div class=\"elementor-element elementor-element-3acc6101 e-con-full e-flex e-con e-child\" data-id=\"3acc6101\" data-element_type=\"container\" data-e-type=\"container\">\n\t\t\t\t<div class=\"elementor-element elementor-element-6cb6860c elementor-arrows-position-inside elementor-pagination-position-outside elementor-widget elementor-widget-image-carousel\" data-id=\"6cb6860c\" data-element_type=\"widget\" data-e-type=\"widget\" data-settings=\"{&quot;slides_to_show&quot;:&quot;1&quot;,&quot;slides_to_show_tablet&quot;:&quot;2&quot;,&quot;navigation&quot;:&quot;both&quot;,&quot;autoplay&quot;:&quot;yes&quot;,&quot;pause_on_hover&quot;:&quot;yes&quot;,&quot;pause_on_interaction&quot;:&quot;yes&quot;,&quot;autoplay_speed&quot;:5000,&quot;infinite&quot;:&quot;yes&quot;,&quot;effect&quot;:&quot;slide&quot;,&quot;speed&quot;:500}\" data-widget_type=\"image-carousel.default\">\n\t\t\t\t\t\t\t<div class=\"elementor-image-carousel-wrapper swiper\" role=\"region\" aria-roledescription=\"carousel\" aria-label=\"Carrusel de im\u00e1genes\" dir=\"ltr\">\n\t\t\t<div class=\"elementor-image-carousel swiper-wrapper\" aria-live=\"off\">\n\t\t\t\t\t\t\t\t<div class=\"swiper-slide\" role=\"group\" aria-roledescription=\"slide\" aria-label=\"1 sur 6\"><figure class=\"swiper-slide-inner\"><img decoding=\"async\" class=\"swiper-slide-image\" src=\"https:\/\/www.reservataximalaga.com\/wp-content\/uploads\/2026\/01\/malaga2-300x225.jpg\" alt=\"malaga2.jpg\" \/><\/figure><\/div><div class=\"swiper-slide\" role=\"group\" aria-roledescription=\"slide\" aria-label=\"2 sur 6\"><figure class=\"swiper-slide-inner\"><img decoding=\"async\" class=\"swiper-slide-image\" src=\"https:\/\/www.reservataximalaga.com\/wp-content\/uploads\/2026\/01\/malaga-300x225.jpg\" alt=\"malaga.jpg\" \/><\/figure><\/div><div class=\"swiper-slide\" role=\"group\" aria-roledescription=\"slide\" aria-label=\"3 sur 6\"><figure class=\"swiper-slide-inner\"><img decoding=\"async\" class=\"swiper-slide-image\" src=\"https:\/\/www.reservataximalaga.com\/wp-content\/uploads\/2026\/01\/malaga7-300x225.jpg\" alt=\"malaga7.jpg\" \/><\/figure><\/div><div class=\"swiper-slide\" role=\"group\" aria-roledescription=\"slide\" aria-label=\"4 sur 6\"><figure class=\"swiper-slide-inner\"><img decoding=\"async\" class=\"swiper-slide-image\" src=\"https:\/\/www.reservataximalaga.com\/wp-content\/uploads\/2026\/01\/malaga3-300x225-1.jpg\" alt=\"malaga3-300x225-1.jpg\" \/><\/figure><\/div><div class=\"swiper-slide\" role=\"group\" aria-roledescription=\"slide\" aria-label=\"5 sur 6\"><figure class=\"swiper-slide-inner\"><img decoding=\"async\" class=\"swiper-slide-image\" src=\"https:\/\/www.reservataximalaga.com\/wp-content\/uploads\/2026\/01\/malaga4-300x225-1.jpg\" alt=\"malaga4-300x225-1.jpg\" \/><\/figure><\/div><div class=\"swiper-slide\" role=\"group\" aria-roledescription=\"slide\" aria-label=\"6 sur 6\"><figure class=\"swiper-slide-inner\"><img decoding=\"async\" class=\"swiper-slide-image\" src=\"https:\/\/www.reservataximalaga.com\/wp-content\/uploads\/2026\/01\/malaga5-300x225-1.jpg\" alt=\"malaga5-300x225-1.jpg\" \/><\/figure><\/div>\t\t\t<\/div>\n\t\t\t\t\t\t\t\t\t\t\t\t<div class=\"elementor-swiper-button elementor-swiper-button-prev\" role=\"button\" tabindex=\"0\">\n\t\t\t\t\t\t<svg aria-hidden=\"true\" class=\"e-font-icon-svg e-eicon-chevron-left\" viewBox=\"0 0 1000 1000\" xmlns=\"http:\/\/www.w3.org\/2000\/svg\"><path d=\"M646 125C629 125 613 133 604 142L308 442C296 454 292 471 292 487 292 504 296 521 308 533L604 854C617 867 629 875 646 875 663 875 679 871 692 858 704 846 713 829 713 812 713 796 708 779 692 767L438 487 692 225C700 217 708 204 708 187 708 171 704 154 692 142 675 129 663 125 646 125Z\"><\/path><\/svg>\t\t\t\t\t<\/div>\n\t\t\t\t\t<div class=\"elementor-swiper-button elementor-swiper-button-next\" role=\"button\" tabindex=\"0\">\n\t\t\t\t\t\t<svg aria-hidden=\"true\" class=\"e-font-icon-svg e-eicon-chevron-right\" viewBox=\"0 0 1000 1000\" xmlns=\"http:\/\/www.w3.org\/2000\/svg\"><path d=\"M696 533C708 521 713 504 713 487 713 471 708 454 696 446L400 146C388 133 375 125 354 125 338 125 325 129 313 142 300 154 292 171 292 187 292 204 296 221 308 233L563 492 304 771C292 783 288 800 288 817 288 833 296 850 308 863 321 871 338 875 354 875 371 875 388 867 400 854L696 533Z\"><\/path><\/svg>\t\t\t\t\t<\/div>\n\t\t\t\t\n\t\t\t\t\t\t\t\t\t<div class=\"swiper-pagination\"><\/div>\n\t\t\t\t\t\t\t\t\t<\/div>\n\t\t\t\t\t\t<\/div>\n\t\t\t\t<\/div>\n\t\t<div class=\"elementor-element elementor-element-174c731b e-con-full e-flex e-con e-child\" data-id=\"174c731b\" data-element_type=\"container\" data-e-type=\"container\">\n\t\t\t\t<div class=\"elementor-element elementor-element-15f90d4 elementor-widget elementor-widget-text-editor\" data-id=\"15f90d4\" data-element_type=\"widget\" data-e-type=\"widget\" data-widget_type=\"text-editor.default\">\n\t\t\t\t\t\t\t\t\t<h2>M\u00c1LAGA, CAPITALE<\/h2><div class=\"wpb_text_column wpb_content_element vc_custom_1513127209268\"><div class=\"wpb_wrapper\"><p>Si vous souhaitez profiter d&rsquo;une v\u00e9ritable visite de l&rsquo;histoire de la ville de M\u00e1laga, avec ses principaux monuments et mus\u00e9es, et ainsi d\u00e9couvrir l&rsquo;\u00e9volution de cette importante ville, n&rsquo;h\u00e9sitez pas \u00e0 contacter nos services.<\/p><p>Nous vous emm\u00e8nerons dans les coins les plus importants. M\u00e1laga est class\u00e9e ensemble historique. Au centre de la ville, cohabitent des monuments tels que le th\u00e9\u00e2tre romain, l&rsquo;Alcazaba, la cath\u00e9drale, la douane, le quartier juif et un patrimoine arch\u00e9ologique de grande valeur. Sans oublier le mus\u00e9e Picasso.<\/p><p>Une ville avec pr\u00e8s de trois mille ans d&rsquo;histoire. En compl\u00e9ment de cet itin\u00e9raire, n&rsquo;oubliez pas de visiter le ch\u00e2teau de Gibralfaro, un lieu incontournable pour observer une merveilleuse vue panoramique de M\u00e1laga.<\/p><\/div><\/div><div id=\"ultimate-heading-5400697889ee794f9\" class=\"uvc-heading ult-adjust-bottom-margin ultimate-heading-5400697889ee794f9 uvc-9600 \" data-hspacer=\"no_spacer\" data-halign=\"left\"><div class=\"uvc-main-heading ult-responsive\" data-ultimate-target=\".uvc-heading.ultimate-heading-5400697889ee794f9 h2\" data-responsive-json-new=\"{\"font-size\":\"desktop:16px;\",\"line-height\":\"\"}\"><p><strong>Temps d&rsquo;attente&nbsp;: 3&nbsp;heures<\/strong><\/p><\/div><div class=\"uvc-sub-heading ult-responsive\" data-ultimate-target=\".uvc-heading.ultimate-heading-5400697889ee794f9 .uvc-sub-heading  \" data-responsive-json-new=\"{\"font-size\":\"desktop:16px;\",\"line-height\":\"\"}\"><ul><li class=\"ult-responsive\" data-ultimate-target=\"#Info-table-wrap-4645 h3\" data-responsive-json-new=\"{\"font-size\":\"\",\"line-height\":\"\"}\"><strong>Taxi 1-4&nbsp;passagers&nbsp;: 100&nbsp;\u20ac par voiture<\/strong><\/li><li><strong>Taxi 5-8&nbsp;passagers&nbsp;: 150&nbsp;\u20ac par voiture<\/strong><\/li><\/ul><\/div><\/div>\t\t\t\t\t\t\t\t<\/div>\n\t\t\t\t<\/div>\n\t\t\t\t\t<\/div>\n\t\t\t\t<\/div>\n\t\t<div class=\"elementor-element elementor-element-79e4d620 e-flex e-con-boxed e-con e-parent\" data-id=\"79e4d620\" data-element_type=\"container\" data-e-type=\"container\" data-settings=\"{&quot;background_background&quot;:&quot;classic&quot;}\">\n\t\t\t\t\t<div class=\"e-con-inner\">\n\t\t<div class=\"elementor-element elementor-element-18ee99e4 e-con-full e-flex e-con e-child\" data-id=\"18ee99e4\" data-element_type=\"container\" data-e-type=\"container\">\n\t\t\t\t<div class=\"elementor-element elementor-element-5e8d8a78 elementor-arrows-position-inside elementor-pagination-position-outside elementor-widget elementor-widget-image-carousel\" data-id=\"5e8d8a78\" data-element_type=\"widget\" data-e-type=\"widget\" data-settings=\"{&quot;slides_to_show&quot;:&quot;1&quot;,&quot;slides_to_show_tablet&quot;:&quot;2&quot;,&quot;navigation&quot;:&quot;both&quot;,&quot;autoplay&quot;:&quot;yes&quot;,&quot;pause_on_hover&quot;:&quot;yes&quot;,&quot;pause_on_interaction&quot;:&quot;yes&quot;,&quot;autoplay_speed&quot;:5000,&quot;infinite&quot;:&quot;yes&quot;,&quot;effect&quot;:&quot;slide&quot;,&quot;speed&quot;:500}\" data-widget_type=\"image-carousel.default\">\n\t\t\t\t\t\t\t<div class=\"elementor-image-carousel-wrapper swiper\" role=\"region\" aria-roledescription=\"carousel\" aria-label=\"Carrusel de im\u00e1genes\" dir=\"ltr\">\n\t\t\t<div class=\"elementor-image-carousel swiper-wrapper\" aria-live=\"off\">\n\t\t\t\t\t\t\t\t<div class=\"swiper-slide\" role=\"group\" aria-roledescription=\"slide\" aria-label=\"1 sur 6\"><figure class=\"swiper-slide-inner\"><img decoding=\"async\" class=\"swiper-slide-image\" src=\"https:\/\/www.reservataximalaga.com\/wp-content\/uploads\/2026\/01\/ronda6-300x225-1.jpg\" alt=\"ronda6-300x225-1.jpg\" \/><\/figure><\/div><div class=\"swiper-slide\" role=\"group\" aria-roledescription=\"slide\" aria-label=\"2 sur 6\"><figure class=\"swiper-slide-inner\"><img decoding=\"async\" class=\"swiper-slide-image\" src=\"https:\/\/www.reservataximalaga.com\/wp-content\/uploads\/2026\/01\/ronda5-300x225-1.jpg\" alt=\"ronda5-300x225-1.jpg\" \/><\/figure><\/div><div class=\"swiper-slide\" role=\"group\" aria-roledescription=\"slide\" aria-label=\"3 sur 6\"><figure class=\"swiper-slide-inner\"><img decoding=\"async\" class=\"swiper-slide-image\" src=\"https:\/\/www.reservataximalaga.com\/wp-content\/uploads\/2026\/01\/ronda3-300x225-1.jpg\" alt=\"ronda3-300x225-1.jpg\" \/><\/figure><\/div><div class=\"swiper-slide\" role=\"group\" aria-roledescription=\"slide\" aria-label=\"4 sur 6\"><figure class=\"swiper-slide-inner\"><img decoding=\"async\" class=\"swiper-slide-image\" src=\"https:\/\/www.reservataximalaga.com\/wp-content\/uploads\/2026\/01\/ronda4-300x225-1.jpg\" alt=\"ronda4-300x225-1.jpg\" \/><\/figure><\/div><div class=\"swiper-slide\" role=\"group\" aria-roledescription=\"slide\" aria-label=\"5 sur 6\"><figure class=\"swiper-slide-inner\"><img decoding=\"async\" class=\"swiper-slide-image\" src=\"https:\/\/www.reservataximalaga.com\/wp-content\/uploads\/2026\/01\/ronda2-300x225-1.jpg\" alt=\"ronda2-300x225-1.jpg\" \/><\/figure><\/div><div class=\"swiper-slide\" role=\"group\" aria-roledescription=\"slide\" aria-label=\"6 sur 6\"><figure class=\"swiper-slide-inner\"><img decoding=\"async\" class=\"swiper-slide-image\" src=\"https:\/\/www.reservataximalaga.com\/wp-content\/uploads\/2026\/01\/ronda-300x225-1.jpg\" alt=\"ronda-300x225-1.jpg\" \/><\/figure><\/div>\t\t\t<\/div>\n\t\t\t\t\t\t\t\t\t\t\t\t<div class=\"elementor-swiper-button elementor-swiper-button-prev\" role=\"button\" tabindex=\"0\">\n\t\t\t\t\t\t<svg aria-hidden=\"true\" class=\"e-font-icon-svg e-eicon-chevron-left\" viewBox=\"0 0 1000 1000\" xmlns=\"http:\/\/www.w3.org\/2000\/svg\"><path d=\"M646 125C629 125 613 133 604 142L308 442C296 454 292 471 292 487 292 504 296 521 308 533L604 854C617 867 629 875 646 875 663 875 679 871 692 858 704 846 713 829 713 812 713 796 708 779 692 767L438 487 692 225C700 217 708 204 708 187 708 171 704 154 692 142 675 129 663 125 646 125Z\"><\/path><\/svg>\t\t\t\t\t<\/div>\n\t\t\t\t\t<div class=\"elementor-swiper-button elementor-swiper-button-next\" role=\"button\" tabindex=\"0\">\n\t\t\t\t\t\t<svg aria-hidden=\"true\" class=\"e-font-icon-svg e-eicon-chevron-right\" viewBox=\"0 0 1000 1000\" xmlns=\"http:\/\/www.w3.org\/2000\/svg\"><path d=\"M696 533C708 521 713 504 713 487 713 471 708 454 696 446L400 146C388 133 375 125 354 125 338 125 325 129 313 142 300 154 292 171 292 187 292 204 296 221 308 233L563 492 304 771C292 783 288 800 288 817 288 833 296 850 308 863 321 871 338 875 354 875 371 875 388 867 400 854L696 533Z\"><\/path><\/svg>\t\t\t\t\t<\/div>\n\t\t\t\t\n\t\t\t\t\t\t\t\t\t<div class=\"swiper-pagination\"><\/div>\n\t\t\t\t\t\t\t\t\t<\/div>\n\t\t\t\t\t\t<\/div>\n\t\t\t\t<\/div>\n\t\t<div class=\"elementor-element elementor-element-57808ebe e-con-full e-flex e-con e-child\" data-id=\"57808ebe\" data-element_type=\"container\" data-e-type=\"container\">\n\t\t\t\t<div class=\"elementor-element elementor-element-634f6691 elementor-widget elementor-widget-text-editor\" data-id=\"634f6691\" data-element_type=\"widget\" data-e-type=\"widget\" data-widget_type=\"text-editor.default\">\n\t\t\t\t\t\t\t\t\t<h2>Ronda<\/h2><p>Ronda est l&rsquo;un des plus beaux villages du pays, situ\u00e9 dans la province de M\u00e1laga, \u00e0 environ 100&nbsp;km.<\/p><p>Ce village poss\u00e8de une architecture romaine et arabe. Le monument le plus embl\u00e9matique et le plus connu est le Puente Nuevo, situ\u00e9 sur le Tajo de Ronda, un monument de renomm\u00e9e internationale.<\/p><p>De plus, la vieille ville de Ronda abrite l&rsquo;une des plus anciennes ar\u00e8nes du monde.<\/p><p><strong>Temps d&rsquo;attente&nbsp;: 5&nbsp;heures<\/strong><\/p><ul><li><strong>Taxi 1-4&nbsp;passagers&nbsp;: 190&nbsp;\u20ac par voiture<\/strong><\/li><li><strong>Taxi 5-8&nbsp;passagers&nbsp;: 300&nbsp;\u20ac par voiture<\/strong><\/li><\/ul>\t\t\t\t\t\t\t\t<\/div>\n\t\t\t\t<\/div>\n\t\t\t\t\t<\/div>\n\t\t\t\t<\/div>\n\t\t<div class=\"elementor-element elementor-element-3a2a15b5 e-flex e-con-boxed e-con e-parent\" data-id=\"3a2a15b5\" data-element_type=\"container\" data-e-type=\"container\">\n\t\t\t\t\t<div class=\"e-con-inner\">\n\t\t<div class=\"elementor-element elementor-element-3517a548 e-con-full e-flex e-con e-child\" data-id=\"3517a548\" data-element_type=\"container\" data-e-type=\"container\">\n\t\t\t\t<div class=\"elementor-element elementor-element-4554b58b elementor-arrows-position-inside elementor-pagination-position-outside elementor-widget elementor-widget-image-carousel\" data-id=\"4554b58b\" data-element_type=\"widget\" data-e-type=\"widget\" data-settings=\"{&quot;slides_to_show&quot;:&quot;1&quot;,&quot;slides_to_show_tablet&quot;:&quot;2&quot;,&quot;navigation&quot;:&quot;both&quot;,&quot;autoplay&quot;:&quot;yes&quot;,&quot;pause_on_hover&quot;:&quot;yes&quot;,&quot;pause_on_interaction&quot;:&quot;yes&quot;,&quot;autoplay_speed&quot;:5000,&quot;infinite&quot;:&quot;yes&quot;,&quot;effect&quot;:&quot;slide&quot;,&quot;speed&quot;:500}\" data-widget_type=\"image-carousel.default\">\n\t\t\t\t\t\t\t<div class=\"elementor-image-carousel-wrapper swiper\" role=\"region\" aria-roledescription=\"carousel\" aria-label=\"Carrusel de im\u00e1genes\" dir=\"ltr\">\n\t\t\t<div class=\"elementor-image-carousel swiper-wrapper\" aria-live=\"off\">\n\t\t\t\t\t\t\t\t<div class=\"swiper-slide\" role=\"group\" aria-roledescription=\"slide\" aria-label=\"1 sur 6\"><figure class=\"swiper-slide-inner\"><img decoding=\"async\" class=\"swiper-slide-image\" src=\"https:\/\/www.reservataximalaga.com\/wp-content\/uploads\/2026\/01\/mijas2-1-300x225-1.jpg\" alt=\"mijas2-1-300x225-1.jpg\" \/><\/figure><\/div><div class=\"swiper-slide\" role=\"group\" aria-roledescription=\"slide\" aria-label=\"2 sur 6\"><figure class=\"swiper-slide-inner\"><img decoding=\"async\" class=\"swiper-slide-image\" src=\"https:\/\/www.reservataximalaga.com\/wp-content\/uploads\/2026\/01\/mijas6-300x225-1.jpg\" alt=\"mijas6-300x225-1.jpg\" \/><\/figure><\/div><div class=\"swiper-slide\" role=\"group\" aria-roledescription=\"slide\" aria-label=\"3 sur 6\"><figure class=\"swiper-slide-inner\"><img decoding=\"async\" class=\"swiper-slide-image\" src=\"https:\/\/www.reservataximalaga.com\/wp-content\/uploads\/2026\/01\/mijas3-300x225-1.jpg\" alt=\"mijas3-300x225-1.jpg\" \/><\/figure><\/div><div class=\"swiper-slide\" role=\"group\" aria-roledescription=\"slide\" aria-label=\"4 sur 6\"><figure class=\"swiper-slide-inner\"><img decoding=\"async\" class=\"swiper-slide-image\" src=\"https:\/\/www.reservataximalaga.com\/wp-content\/uploads\/2026\/01\/mijas4-300x225-1.jpg\" alt=\"mijas4-300x225-1.jpg\" \/><\/figure><\/div><div class=\"swiper-slide\" role=\"group\" aria-roledescription=\"slide\" aria-label=\"5 sur 6\"><figure class=\"swiper-slide-inner\"><img decoding=\"async\" class=\"swiper-slide-image\" src=\"https:\/\/www.reservataximalaga.com\/wp-content\/uploads\/2026\/01\/mijas5-300x225-1.jpg\" alt=\"mijas5-300x225-1.jpg\" \/><\/figure><\/div><div class=\"swiper-slide\" role=\"group\" aria-roledescription=\"slide\" aria-label=\"6 sur 6\"><figure class=\"swiper-slide-inner\"><img decoding=\"async\" class=\"swiper-slide-image\" src=\"https:\/\/www.reservataximalaga.com\/wp-content\/uploads\/2026\/01\/mijas1-300x225-1.jpg\" alt=\"mijas1-300x225-1.jpg\" \/><\/figure><\/div>\t\t\t<\/div>\n\t\t\t\t\t\t\t\t\t\t\t\t<div class=\"elementor-swiper-button elementor-swiper-button-prev\" role=\"button\" tabindex=\"0\">\n\t\t\t\t\t\t<svg aria-hidden=\"true\" class=\"e-font-icon-svg e-eicon-chevron-left\" viewBox=\"0 0 1000 1000\" xmlns=\"http:\/\/www.w3.org\/2000\/svg\"><path d=\"M646 125C629 125 613 133 604 142L308 442C296 454 292 471 292 487 292 504 296 521 308 533L604 854C617 867 629 875 646 875 663 875 679 871 692 858 704 846 713 829 713 812 713 796 708 779 692 767L438 487 692 225C700 217 708 204 708 187 708 171 704 154 692 142 675 129 663 125 646 125Z\"><\/path><\/svg>\t\t\t\t\t<\/div>\n\t\t\t\t\t<div class=\"elementor-swiper-button elementor-swiper-button-next\" role=\"button\" tabindex=\"0\">\n\t\t\t\t\t\t<svg aria-hidden=\"true\" class=\"e-font-icon-svg e-eicon-chevron-right\" viewBox=\"0 0 1000 1000\" xmlns=\"http:\/\/www.w3.org\/2000\/svg\"><path d=\"M696 533C708 521 713 504 713 487 713 471 708 454 696 446L400 146C388 133 375 125 354 125 338 125 325 129 313 142 300 154 292 171 292 187 292 204 296 221 308 233L563 492 304 771C292 783 288 800 288 817 288 833 296 850 308 863 321 871 338 875 354 875 371 875 388 867 400 854L696 533Z\"><\/path><\/svg>\t\t\t\t\t<\/div>\n\t\t\t\t\n\t\t\t\t\t\t\t\t\t<div class=\"swiper-pagination\"><\/div>\n\t\t\t\t\t\t\t\t\t<\/div>\n\t\t\t\t\t\t<\/div>\n\t\t\t\t<\/div>\n\t\t<div class=\"elementor-element elementor-element-7528e987 e-con-full e-flex e-con e-child\" data-id=\"7528e987\" data-element_type=\"container\" data-e-type=\"container\">\n\t\t\t\t<div class=\"elementor-element elementor-element-537cc0b2 elementor-widget elementor-widget-text-editor\" data-id=\"537cc0b2\" data-element_type=\"widget\" data-e-type=\"widget\" data-widget_type=\"text-editor.default\">\n\t\t\t\t\t\t\t\t\t<h2>MIJAS PUEBLO<\/h2><p>Mijas est sans aucun doute un village andalou typique, avec toutes ses maisons blanches, orn\u00e9es de pots de fleurs bleus et de fleurs rouges, class\u00e9 ensemble historique et artistique.<\/p><p>Dans sa vieille ville, on conserve des vestiges de ses anciens remparts, et elle conserve le trac\u00e9 d&rsquo;origine arabe. Mijas poss\u00e8de une ar\u00e8ne ovale, unique au monde.<\/p><p>Ce village est connu pour ses \u00e2nes-taxis utilis\u00e9s dans les ann\u00e9es&nbsp;60 par les travailleurs. Aujourd&rsquo;hui, vous pouvez profiter d&rsquo;une promenade touristique \u00e0 dos d&rsquo;\u00e2ne.<\/p><p><strong>Temps d&rsquo;attente&nbsp;: 4&nbsp;heures<\/strong><\/p><ul><li><strong>Taxi 1-4&nbsp;passagers&nbsp;: 150&nbsp;\u20ac par voiture<\/strong><\/li><li><strong>Taxi 5-8&nbsp;passagers&nbsp;: 220&nbsp;\u20ac par voiture<\/strong><\/li><\/ul>\t\t\t\t\t\t\t\t<\/div>\n\t\t\t\t<\/div>\n\t\t\t\t\t<\/div>\n\t\t\t\t<\/div>\n\t\t<div class=\"elementor-element elementor-element-16ae9300 e-flex e-con-boxed e-con e-parent\" data-id=\"16ae9300\" data-element_type=\"container\" data-e-type=\"container\" data-settings=\"{&quot;background_background&quot;:&quot;classic&quot;}\">\n\t\t\t\t\t<div class=\"e-con-inner\">\n\t\t<div class=\"elementor-element elementor-element-5457e920 e-con-full e-flex e-con e-child\" data-id=\"5457e920\" data-element_type=\"container\" data-e-type=\"container\">\n\t\t\t\t<div class=\"elementor-element elementor-element-2b477c11 elementor-arrows-position-inside elementor-pagination-position-outside elementor-widget elementor-widget-image-carousel\" data-id=\"2b477c11\" data-element_type=\"widget\" data-e-type=\"widget\" data-settings=\"{&quot;slides_to_show&quot;:&quot;1&quot;,&quot;slides_to_show_tablet&quot;:&quot;2&quot;,&quot;navigation&quot;:&quot;both&quot;,&quot;autoplay&quot;:&quot;yes&quot;,&quot;pause_on_hover&quot;:&quot;yes&quot;,&quot;pause_on_interaction&quot;:&quot;yes&quot;,&quot;autoplay_speed&quot;:5000,&quot;infinite&quot;:&quot;yes&quot;,&quot;effect&quot;:&quot;slide&quot;,&quot;speed&quot;:500}\" data-widget_type=\"image-carousel.default\">\n\t\t\t\t\t\t\t<div class=\"elementor-image-carousel-wrapper swiper\" role=\"region\" aria-roledescription=\"carousel\" aria-label=\"Carrusel de im\u00e1genes\" dir=\"ltr\">\n\t\t\t<div class=\"elementor-image-carousel swiper-wrapper\" aria-live=\"off\">\n\t\t\t\t\t\t\t\t<div class=\"swiper-slide\" role=\"group\" aria-roledescription=\"slide\" aria-label=\"1 sur 6\"><figure class=\"swiper-slide-inner\"><img decoding=\"async\" class=\"swiper-slide-image\" src=\"https:\/\/www.reservataximalaga.com\/wp-content\/uploads\/2026\/01\/nerja5-300x225-1.jpg\" alt=\"nerja5-300x225-1.jpg\" \/><\/figure><\/div><div class=\"swiper-slide\" role=\"group\" aria-roledescription=\"slide\" aria-label=\"2 sur 6\"><figure class=\"swiper-slide-inner\"><img decoding=\"async\" class=\"swiper-slide-image\" src=\"https:\/\/www.reservataximalaga.com\/wp-content\/uploads\/2026\/01\/nerja6-300x225-1.jpg\" alt=\"nerja6-300x225-1.jpg\" \/><\/figure><\/div><div class=\"swiper-slide\" role=\"group\" aria-roledescription=\"slide\" aria-label=\"3 sur 6\"><figure class=\"swiper-slide-inner\"><img decoding=\"async\" class=\"swiper-slide-image\" src=\"https:\/\/www.reservataximalaga.com\/wp-content\/uploads\/2026\/01\/nerja4-300x225-1.jpg\" alt=\"nerja4-300x225-1.jpg\" \/><\/figure><\/div><div class=\"swiper-slide\" role=\"group\" aria-roledescription=\"slide\" aria-label=\"4 sur 6\"><figure class=\"swiper-slide-inner\"><img decoding=\"async\" class=\"swiper-slide-image\" src=\"https:\/\/www.reservataximalaga.com\/wp-content\/uploads\/2026\/01\/nerja3-300x225-1.jpg\" alt=\"nerja3-300x225-1.jpg\" \/><\/figure><\/div><div class=\"swiper-slide\" role=\"group\" aria-roledescription=\"slide\" aria-label=\"5 sur 6\"><figure class=\"swiper-slide-inner\"><img decoding=\"async\" class=\"swiper-slide-image\" src=\"https:\/\/www.reservataximalaga.com\/wp-content\/uploads\/2026\/01\/nerja2-300x225-1.jpg\" alt=\"nerja2-300x225-1.jpg\" \/><\/figure><\/div><div class=\"swiper-slide\" role=\"group\" aria-roledescription=\"slide\" aria-label=\"6 sur 6\"><figure class=\"swiper-slide-inner\"><img decoding=\"async\" class=\"swiper-slide-image\" src=\"https:\/\/www.reservataximalaga.com\/wp-content\/uploads\/2026\/01\/nerja1-300x225-1.jpg\" alt=\"nerja1-300x225-1.jpg\" \/><\/figure><\/div>\t\t\t<\/div>\n\t\t\t\t\t\t\t\t\t\t\t\t<div class=\"elementor-swiper-button elementor-swiper-button-prev\" role=\"button\" tabindex=\"0\">\n\t\t\t\t\t\t<svg aria-hidden=\"true\" class=\"e-font-icon-svg e-eicon-chevron-left\" viewBox=\"0 0 1000 1000\" xmlns=\"http:\/\/www.w3.org\/2000\/svg\"><path d=\"M646 125C629 125 613 133 604 142L308 442C296 454 292 471 292 487 292 504 296 521 308 533L604 854C617 867 629 875 646 875 663 875 679 871 692 858 704 846 713 829 713 812 713 796 708 779 692 767L438 487 692 225C700 217 708 204 708 187 708 171 704 154 692 142 675 129 663 125 646 125Z\"><\/path><\/svg>\t\t\t\t\t<\/div>\n\t\t\t\t\t<div class=\"elementor-swiper-button elementor-swiper-button-next\" role=\"button\" tabindex=\"0\">\n\t\t\t\t\t\t<svg aria-hidden=\"true\" class=\"e-font-icon-svg e-eicon-chevron-right\" viewBox=\"0 0 1000 1000\" xmlns=\"http:\/\/www.w3.org\/2000\/svg\"><path d=\"M696 533C708 521 713 504 713 487 713 471 708 454 696 446L400 146C388 133 375 125 354 125 338 125 325 129 313 142 300 154 292 171 292 187 292 204 296 221 308 233L563 492 304 771C292 783 288 800 288 817 288 833 296 850 308 863 321 871 338 875 354 875 371 875 388 867 400 854L696 533Z\"><\/path><\/svg>\t\t\t\t\t<\/div>\n\t\t\t\t\n\t\t\t\t\t\t\t\t\t<div class=\"swiper-pagination\"><\/div>\n\t\t\t\t\t\t\t\t\t<\/div>\n\t\t\t\t\t\t<\/div>\n\t\t\t\t<\/div>\n\t\t<div class=\"elementor-element elementor-element-1f5c44f8 e-con-full e-flex e-con e-child\" data-id=\"1f5c44f8\" data-element_type=\"container\" data-e-type=\"container\">\n\t\t\t\t<div class=\"elementor-element elementor-element-6a15e608 elementor-widget elementor-widget-text-editor\" data-id=\"6a15e608\" data-element_type=\"widget\" data-e-type=\"widget\" data-widget_type=\"text-editor.default\">\n\t\t\t\t\t\t\t\t\t<h2>NERJA, GROTTES DE NERJA ET FRIGILIANA<\/h2><p>Nerja est l&rsquo;une des villes touristiques les plus importantes d&rsquo;Espagne, pleine de luminosit\u00e9 et avec un climat doux presque toute l&rsquo;ann\u00e9e. Un lieu d&rsquo;int\u00e9r\u00eat \u00e0 visiter est le Balc\u00f3n de Europa, un point de vue avec une vue imprenable sur la mer.<\/p><p>Nerja poss\u00e8de l&rsquo;une des plus belles grottes d&rsquo;Europe, d\u00e9couverte en&nbsp;1959, avec pr\u00e8s de 5&nbsp;km de galeries. Tout au long de l&rsquo;ann\u00e9e, des millions de touristes parcourent ses salles et ses galeries pour observer ses impressionnantes formations de stalactites et de stalagmites. De plus, elle poss\u00e8de une grande colonne centrale de 32&nbsp;m\u00e8tres de haut dans la salle du Cataclysme.<\/p><p>Nous visiterons \u00e9galement le village de Frigiliana, qui se trouve au pied d&rsquo;un parc naturel et \u00e0 quelques kilom\u00e8tres de la mer M\u00e9diterran\u00e9e. Il figure parmi les plus beaux villages d&rsquo;Espagne. Nous nous prom\u00e8nerons dans ses ruelles pour profiter de sa gastronomie et de son artisanat.<\/p><p><strong>Temps d&rsquo;attente&nbsp;: 5&nbsp;heures<\/strong><\/p><ul><li><strong>Taxi 1-4&nbsp;passagers&nbsp;: 190&nbsp;\u20ac par voiture<\/strong><\/li><li><strong>Taxi 5-8&nbsp;passagers&nbsp;: 300&nbsp;\u20ac par voiture<\/strong><\/li><\/ul>\t\t\t\t\t\t\t\t<\/div>\n\t\t\t\t<\/div>\n\t\t\t\t\t<\/div>\n\t\t\t\t<\/div>\n\t\t<div class=\"elementor-element elementor-element-32c41d32 e-flex e-con-boxed e-con e-parent\" data-id=\"32c41d32\" data-element_type=\"container\" data-e-type=\"container\">\n\t\t\t\t\t<div class=\"e-con-inner\">\n\t\t<div class=\"elementor-element elementor-element-2b8e42c8 e-con-full e-flex e-con e-child\" data-id=\"2b8e42c8\" data-element_type=\"container\" data-e-type=\"container\">\n\t\t\t\t<div class=\"elementor-element elementor-element-3cc26546 elementor-arrows-position-inside elementor-pagination-position-outside elementor-widget elementor-widget-image-carousel\" data-id=\"3cc26546\" data-element_type=\"widget\" data-e-type=\"widget\" data-settings=\"{&quot;slides_to_show&quot;:&quot;1&quot;,&quot;slides_to_show_tablet&quot;:&quot;2&quot;,&quot;navigation&quot;:&quot;both&quot;,&quot;autoplay&quot;:&quot;yes&quot;,&quot;pause_on_hover&quot;:&quot;yes&quot;,&quot;pause_on_interaction&quot;:&quot;yes&quot;,&quot;autoplay_speed&quot;:5000,&quot;infinite&quot;:&quot;yes&quot;,&quot;effect&quot;:&quot;slide&quot;,&quot;speed&quot;:500}\" data-widget_type=\"image-carousel.default\">\n\t\t\t\t\t\t\t<div class=\"elementor-image-carousel-wrapper swiper\" role=\"region\" aria-roledescription=\"carousel\" aria-label=\"Carrusel de im\u00e1genes\" dir=\"ltr\">\n\t\t\t<div class=\"elementor-image-carousel swiper-wrapper\" aria-live=\"off\">\n\t\t\t\t\t\t\t\t<div class=\"swiper-slide\" role=\"group\" aria-roledescription=\"slide\" aria-label=\"1 sur 6\"><figure class=\"swiper-slide-inner\"><img decoding=\"async\" class=\"swiper-slide-image\" src=\"https:\/\/www.reservataximalaga.com\/wp-content\/uploads\/2026\/01\/torremolinos6-300x225-1.jpg\" alt=\"torremolinos6-300x225-1.jpg\" \/><\/figure><\/div><div class=\"swiper-slide\" role=\"group\" aria-roledescription=\"slide\" aria-label=\"2 sur 6\"><figure class=\"swiper-slide-inner\"><img decoding=\"async\" class=\"swiper-slide-image\" src=\"https:\/\/www.reservataximalaga.com\/wp-content\/uploads\/2026\/01\/torremolinos4-300x225-1.jpg\" alt=\"torremolinos4-300x225-1.jpg\" \/><\/figure><\/div><div class=\"swiper-slide\" role=\"group\" aria-roledescription=\"slide\" aria-label=\"3 sur 6\"><figure class=\"swiper-slide-inner\"><img decoding=\"async\" class=\"swiper-slide-image\" src=\"https:\/\/www.reservataximalaga.com\/wp-content\/uploads\/2026\/01\/torremolinos5-300x225-1.jpg\" alt=\"torremolinos5-300x225-1.jpg\" \/><\/figure><\/div><div class=\"swiper-slide\" role=\"group\" aria-roledescription=\"slide\" aria-label=\"4 sur 6\"><figure class=\"swiper-slide-inner\"><img decoding=\"async\" class=\"swiper-slide-image\" src=\"https:\/\/www.reservataximalaga.com\/wp-content\/uploads\/2026\/01\/torremolinos3-300x225-1.jpg\" alt=\"torremolinos3-300x225-1.jpg\" \/><\/figure><\/div><div class=\"swiper-slide\" role=\"group\" aria-roledescription=\"slide\" aria-label=\"5 sur 6\"><figure class=\"swiper-slide-inner\"><img decoding=\"async\" class=\"swiper-slide-image\" src=\"https:\/\/www.reservataximalaga.com\/wp-content\/uploads\/2026\/01\/torremolinos2-300x225-1.jpg\" alt=\"torremolinos2-300x225-1.jpg\" \/><\/figure><\/div><div class=\"swiper-slide\" role=\"group\" aria-roledescription=\"slide\" aria-label=\"6 sur 6\"><figure class=\"swiper-slide-inner\"><img decoding=\"async\" class=\"swiper-slide-image\" src=\"https:\/\/www.reservataximalaga.com\/wp-content\/uploads\/2026\/01\/torremolinos1-300x225-1.jpg\" alt=\"torremolinos1-300x225-1.jpg\" \/><\/figure><\/div>\t\t\t<\/div>\n\t\t\t\t\t\t\t\t\t\t\t\t<div class=\"elementor-swiper-button elementor-swiper-button-prev\" role=\"button\" tabindex=\"0\">\n\t\t\t\t\t\t<svg aria-hidden=\"true\" class=\"e-font-icon-svg e-eicon-chevron-left\" viewBox=\"0 0 1000 1000\" xmlns=\"http:\/\/www.w3.org\/2000\/svg\"><path d=\"M646 125C629 125 613 133 604 142L308 442C296 454 292 471 292 487 292 504 296 521 308 533L604 854C617 867 629 875 646 875 663 875 679 871 692 858 704 846 713 829 713 812 713 796 708 779 692 767L438 487 692 225C700 217 708 204 708 187 708 171 704 154 692 142 675 129 663 125 646 125Z\"><\/path><\/svg>\t\t\t\t\t<\/div>\n\t\t\t\t\t<div class=\"elementor-swiper-button elementor-swiper-button-next\" role=\"button\" tabindex=\"0\">\n\t\t\t\t\t\t<svg aria-hidden=\"true\" class=\"e-font-icon-svg e-eicon-chevron-right\" viewBox=\"0 0 1000 1000\" xmlns=\"http:\/\/www.w3.org\/2000\/svg\"><path d=\"M696 533C708 521 713 504 713 487 713 471 708 454 696 446L400 146C388 133 375 125 354 125 338 125 325 129 313 142 300 154 292 171 292 187 292 204 296 221 308 233L563 492 304 771C292 783 288 800 288 817 288 833 296 850 308 863 321 871 338 875 354 875 371 875 388 867 400 854L696 533Z\"><\/path><\/svg>\t\t\t\t\t<\/div>\n\t\t\t\t\n\t\t\t\t\t\t\t\t\t<div class=\"swiper-pagination\"><\/div>\n\t\t\t\t\t\t\t\t\t<\/div>\n\t\t\t\t\t\t<\/div>\n\t\t\t\t<\/div>\n\t\t<div class=\"elementor-element elementor-element-790bcfce e-con-full e-flex e-con e-child\" data-id=\"790bcfce\" data-element_type=\"container\" data-e-type=\"container\">\n\t\t\t\t<div class=\"elementor-element elementor-element-7c51029a elementor-widget elementor-widget-text-editor\" data-id=\"7c51029a\" data-element_type=\"widget\" data-e-type=\"widget\" data-widget_type=\"text-editor.default\">\n\t\t\t\t\t\t\t\t\t<h2>TORREMOLINOS ET BENALM\u00c1DENA<\/h2><p>\u00c0 seulement 10&nbsp;km de la capitale se trouve Torremolinos, une ville qui est une r\u00e9f\u00e9rence incontestable dans le secteur touristique espagnol. Actuellement, elle regroupe 40&nbsp;% du total des h\u00f4tels de la Costa del Sol, et cette municipalit\u00e9 de M\u00e1laga offre au visiteur tous les ingr\u00e9dients pour un tourisme vari\u00e9 et de qualit\u00e9. L&rsquo;un de ses meilleurs attraits est sa riche gastronomie. Il est essentiel de manger du \u00ab&nbsp;pescaito frito&nbsp;\u00bb sur la promenade de la plage de La Carihuela-El Bajondillo.<\/p><p>Benalm\u00e1dena est \u00e9galement un lieu qui m\u00e9rite d&rsquo;\u00eatre visit\u00e9 et dont on se souviendra. La zone de Benalm\u00e1dena Costa offre une tr\u00e8s large gamme de loisirs et de divertissements. L&rsquo;autre zone, Benalm\u00e1dena Pueblo, est le nom donn\u00e9 \u00e0 l&rsquo;ancienne ville d&rsquo;origine musulmane qui se trouve sur une colline et qui est le village blanc andalou typique.<\/p><p><strong>Temps d&rsquo;attente&nbsp;: 3&nbsp;heures<\/strong><\/p><ul><li><strong>Taxi 1-4&nbsp;passagers&nbsp;: 150&nbsp;\u20ac par voiture<\/strong><\/li><li><strong>Taxi 5-8&nbsp;passagers&nbsp;: 220&nbsp;\u20ac par voiture<\/strong><\/li><\/ul>\t\t\t\t\t\t\t\t<\/div>\n\t\t\t\t<\/div>\n\t\t\t\t\t<\/div>\n\t\t\t\t<\/div>\n\t\t<div class=\"elementor-element elementor-element-75141248 e-flex e-con-boxed e-con e-parent\" data-id=\"75141248\" data-element_type=\"container\" data-e-type=\"container\" data-settings=\"{&quot;background_background&quot;:&quot;classic&quot;}\">\n\t\t\t\t\t<div class=\"e-con-inner\">\n\t\t<div class=\"elementor-element elementor-element-5bfa8304 e-con-full e-flex e-con e-child\" data-id=\"5bfa8304\" data-element_type=\"container\" data-e-type=\"container\">\n\t\t\t\t<div class=\"elementor-element elementor-element-60fd5410 elementor-arrows-position-inside elementor-pagination-position-outside elementor-widget elementor-widget-image-carousel\" data-id=\"60fd5410\" data-element_type=\"widget\" data-e-type=\"widget\" data-settings=\"{&quot;slides_to_show&quot;:&quot;1&quot;,&quot;slides_to_show_tablet&quot;:&quot;2&quot;,&quot;navigation&quot;:&quot;both&quot;,&quot;autoplay&quot;:&quot;yes&quot;,&quot;pause_on_hover&quot;:&quot;yes&quot;,&quot;pause_on_interaction&quot;:&quot;yes&quot;,&quot;autoplay_speed&quot;:5000,&quot;infinite&quot;:&quot;yes&quot;,&quot;effect&quot;:&quot;slide&quot;,&quot;speed&quot;:500}\" data-widget_type=\"image-carousel.default\">\n\t\t\t\t\t\t\t<div class=\"elementor-image-carousel-wrapper swiper\" role=\"region\" aria-roledescription=\"carousel\" aria-label=\"Carrusel de im\u00e1genes\" dir=\"ltr\">\n\t\t\t<div class=\"elementor-image-carousel swiper-wrapper\" aria-live=\"off\">\n\t\t\t\t\t\t\t\t<div class=\"swiper-slide\" role=\"group\" aria-roledescription=\"slide\" aria-label=\"1 sur 6\"><figure class=\"swiper-slide-inner\"><img decoding=\"async\" class=\"swiper-slide-image\" src=\"https:\/\/www.reservataximalaga.com\/wp-content\/uploads\/2026\/01\/antequera6-300x225-1.jpg\" alt=\"antequera6-300x225-1.jpg\" \/><\/figure><\/div><div class=\"swiper-slide\" role=\"group\" aria-roledescription=\"slide\" aria-label=\"2 sur 6\"><figure class=\"swiper-slide-inner\"><img decoding=\"async\" class=\"swiper-slide-image\" src=\"https:\/\/www.reservataximalaga.com\/wp-content\/uploads\/2026\/01\/antequera5-300x225-1.jpg\" alt=\"antequera5-300x225-1.jpg\" \/><\/figure><\/div><div class=\"swiper-slide\" role=\"group\" aria-roledescription=\"slide\" aria-label=\"3 sur 6\"><figure class=\"swiper-slide-inner\"><img decoding=\"async\" class=\"swiper-slide-image\" src=\"https:\/\/www.reservataximalaga.com\/wp-content\/uploads\/2026\/01\/antequera3-300x225-1.jpg\" alt=\"antequera3-300x225-1.jpg\" \/><\/figure><\/div><div class=\"swiper-slide\" role=\"group\" aria-roledescription=\"slide\" aria-label=\"4 sur 6\"><figure class=\"swiper-slide-inner\"><img decoding=\"async\" class=\"swiper-slide-image\" src=\"https:\/\/www.reservataximalaga.com\/wp-content\/uploads\/2026\/01\/antequera4-300x225-1.jpg\" alt=\"antequera4-300x225-1.jpg\" \/><\/figure><\/div><div class=\"swiper-slide\" role=\"group\" aria-roledescription=\"slide\" aria-label=\"5 sur 6\"><figure class=\"swiper-slide-inner\"><img decoding=\"async\" class=\"swiper-slide-image\" src=\"https:\/\/www.reservataximalaga.com\/wp-content\/uploads\/2026\/01\/antequera2-300x225-1.jpg\" alt=\"antequera2-300x225-1.jpg\" \/><\/figure><\/div><div class=\"swiper-slide\" role=\"group\" aria-roledescription=\"slide\" aria-label=\"6 sur 6\"><figure class=\"swiper-slide-inner\"><img decoding=\"async\" class=\"swiper-slide-image\" src=\"https:\/\/www.reservataximalaga.com\/wp-content\/uploads\/2026\/01\/antequera1-300x225-1.jpg\" alt=\"antequera1-300x225-1.jpg\" \/><\/figure><\/div>\t\t\t<\/div>\n\t\t\t\t\t\t\t\t\t\t\t\t<div class=\"elementor-swiper-button elementor-swiper-button-prev\" role=\"button\" tabindex=\"0\">\n\t\t\t\t\t\t<svg aria-hidden=\"true\" class=\"e-font-icon-svg e-eicon-chevron-left\" viewBox=\"0 0 1000 1000\" xmlns=\"http:\/\/www.w3.org\/2000\/svg\"><path d=\"M646 125C629 125 613 133 604 142L308 442C296 454 292 471 292 487 292 504 296 521 308 533L604 854C617 867 629 875 646 875 663 875 679 871 692 858 704 846 713 829 713 812 713 796 708 779 692 767L438 487 692 225C700 217 708 204 708 187 708 171 704 154 692 142 675 129 663 125 646 125Z\"><\/path><\/svg>\t\t\t\t\t<\/div>\n\t\t\t\t\t<div class=\"elementor-swiper-button elementor-swiper-button-next\" role=\"button\" tabindex=\"0\">\n\t\t\t\t\t\t<svg aria-hidden=\"true\" class=\"e-font-icon-svg e-eicon-chevron-right\" viewBox=\"0 0 1000 1000\" xmlns=\"http:\/\/www.w3.org\/2000\/svg\"><path d=\"M696 533C708 521 713 504 713 487 713 471 708 454 696 446L400 146C388 133 375 125 354 125 338 125 325 129 313 142 300 154 292 171 292 187 292 204 296 221 308 233L563 492 304 771C292 783 288 800 288 817 288 833 296 850 308 863 321 871 338 875 354 875 371 875 388 867 400 854L696 533Z\"><\/path><\/svg>\t\t\t\t\t<\/div>\n\t\t\t\t\n\t\t\t\t\t\t\t\t\t<div class=\"swiper-pagination\"><\/div>\n\t\t\t\t\t\t\t\t\t<\/div>\n\t\t\t\t\t\t<\/div>\n\t\t\t\t<\/div>\n\t\t<div class=\"elementor-element elementor-element-601480d9 e-con-full e-flex e-con e-child\" data-id=\"601480d9\" data-element_type=\"container\" data-e-type=\"container\">\n\t\t\t\t<div class=\"elementor-element elementor-element-66a5582c elementor-widget elementor-widget-text-editor\" data-id=\"66a5582c\" data-element_type=\"widget\" data-e-type=\"widget\" data-widget_type=\"text-editor.default\">\n\t\t\t\t\t\t\t\t\t<h2>ANTEQUERA<\/h2><div class=\"wpb_text_column wpb_content_element vc_custom_1513193819521\"><div class=\"wpb_wrapper\"><p>Sa situation g\u00e9ographique strat\u00e9gique lui a permis, depuis l&rsquo;Antiquit\u00e9, de poss\u00e9der une grande richesse historique et culturelle, comme en t\u00e9moignent les vestiges arch\u00e9ologiques situ\u00e9s dans sa r\u00e9gion. Par exemple, les dolmens de Viera et de Menga, l&rsquo;\u00c9ph\u00e8be d&rsquo;Antequera et d&rsquo;autres pi\u00e8ces disponibles dans son mus\u00e9e.<\/p><p>Antequera se trouve sur le versant de la Sierra de El Torcal, avec les monuments suivants dignes d&rsquo;\u00eatre visit\u00e9s&nbsp;: l&rsquo;enceinte monumentale de l&rsquo;Alcazaba, l&rsquo;Arc des G\u00e9ants, la coll\u00e9giale de Santa Mar\u00eda, la coll\u00e9giale de San Sebasti\u00e1n, le palais de N\u00e1jera, l&rsquo;\u00e9glise de Santiago, etc.<\/p><p>Et tout pr\u00e8s se trouve un monument de la nature, El Torcal, une merveille naturelle d\u00e9clar\u00e9e espace prot\u00e9g\u00e9 et dont la visite est obligatoire pour les amoureux de la nature.<\/p><\/div><\/div><div id=\"ultimate-heading-1716697889ee8cfe0\" class=\"uvc-heading ult-adjust-bottom-margin ultimate-heading-1716697889ee8cfe0 uvc-2066 \" data-hspacer=\"no_spacer\" data-halign=\"left\"><p><strong>Temps d&rsquo;attente&nbsp;: 5&nbsp;heures<\/strong><\/p><div class=\"uvc-sub-heading ult-responsive\" data-ultimate-target=\".uvc-heading.ultimate-heading-1716697889ee8cfe0 .uvc-sub-heading  \" data-responsive-json-new=\"{\"font-size\":\"desktop:16px;\",\"line-height\":\"\"}\"><ul><li class=\"ult-responsive\" data-ultimate-target=\"#Info-table-wrap-4645 h3\" data-responsive-json-new=\"{\"font-size\":\"\",\"line-height\":\"\"}\"><strong>Taxi 1-4&nbsp;passagers&nbsp;: 190&nbsp;\u20ac par voiture<\/strong><\/li><li class=\"ult-responsive\" data-ultimate-target=\"#Info-table-wrap-4645 h3\" data-responsive-json-new=\"{\"font-size\":\"\",\"line-height\":\"\"}\"><strong style=\"font-size: 16px;\">Taxi 5-8&nbsp;passagers&nbsp;: 300&nbsp;\u20ac par voiture<\/strong><\/li><\/ul><\/div><\/div>\t\t\t\t\t\t\t\t<\/div>\n\t\t\t\t<\/div>\n\t\t\t\t\t<\/div>\n\t\t\t\t<\/div>\n\t\t<div class=\"elementor-element elementor-element-398bf49f e-flex e-con-boxed e-con e-parent\" data-id=\"398bf49f\" data-element_type=\"container\" data-e-type=\"container\">\n\t\t\t\t\t<div class=\"e-con-inner\">\n\t\t<div class=\"elementor-element elementor-element-1db2c266 e-con-full e-flex e-con e-child\" data-id=\"1db2c266\" data-element_type=\"container\" data-e-type=\"container\">\n\t\t\t\t<div class=\"elementor-element elementor-element-3e1ecf45 elementor-arrows-position-inside elementor-pagination-position-outside elementor-widget elementor-widget-image-carousel\" data-id=\"3e1ecf45\" data-element_type=\"widget\" data-e-type=\"widget\" data-settings=\"{&quot;slides_to_show&quot;:&quot;1&quot;,&quot;slides_to_show_tablet&quot;:&quot;2&quot;,&quot;navigation&quot;:&quot;both&quot;,&quot;autoplay&quot;:&quot;yes&quot;,&quot;pause_on_hover&quot;:&quot;yes&quot;,&quot;pause_on_interaction&quot;:&quot;yes&quot;,&quot;autoplay_speed&quot;:5000,&quot;infinite&quot;:&quot;yes&quot;,&quot;effect&quot;:&quot;slide&quot;,&quot;speed&quot;:500}\" data-widget_type=\"image-carousel.default\">\n\t\t\t\t\t\t\t<div class=\"elementor-image-carousel-wrapper swiper\" role=\"region\" aria-roledescription=\"carousel\" aria-label=\"Carrusel de im\u00e1genes\" dir=\"ltr\">\n\t\t\t<div class=\"elementor-image-carousel swiper-wrapper\" aria-live=\"off\">\n\t\t\t\t\t\t\t\t<div class=\"swiper-slide\" role=\"group\" aria-roledescription=\"slide\" aria-label=\"1 sur 6\"><figure class=\"swiper-slide-inner\"><img decoding=\"async\" class=\"swiper-slide-image\" src=\"https:\/\/www.reservataximalaga.com\/wp-content\/uploads\/2026\/01\/marbella6-300x225-1.jpg\" alt=\"marbella6-300x225-1.jpg\" \/><\/figure><\/div><div class=\"swiper-slide\" role=\"group\" aria-roledescription=\"slide\" aria-label=\"2 sur 6\"><figure class=\"swiper-slide-inner\"><img decoding=\"async\" class=\"swiper-slide-image\" src=\"https:\/\/www.reservataximalaga.com\/wp-content\/uploads\/2026\/01\/marbella4-300x225-1.jpg\" alt=\"marbella4-300x225-1.jpg\" \/><\/figure><\/div><div class=\"swiper-slide\" role=\"group\" aria-roledescription=\"slide\" aria-label=\"3 sur 6\"><figure class=\"swiper-slide-inner\"><img decoding=\"async\" class=\"swiper-slide-image\" src=\"https:\/\/www.reservataximalaga.com\/wp-content\/uploads\/2026\/01\/marbella5-300x225-1.jpg\" alt=\"marbella5-300x225-1.jpg\" \/><\/figure><\/div><div class=\"swiper-slide\" role=\"group\" aria-roledescription=\"slide\" aria-label=\"4 sur 6\"><figure class=\"swiper-slide-inner\"><img decoding=\"async\" class=\"swiper-slide-image\" src=\"https:\/\/www.reservataximalaga.com\/wp-content\/uploads\/2026\/01\/marbella3-300x225-1.jpg\" alt=\"marbella3-300x225-1.jpg\" \/><\/figure><\/div><div class=\"swiper-slide\" role=\"group\" aria-roledescription=\"slide\" aria-label=\"5 sur 6\"><figure class=\"swiper-slide-inner\"><img decoding=\"async\" class=\"swiper-slide-image\" src=\"https:\/\/www.reservataximalaga.com\/wp-content\/uploads\/2026\/01\/marbella2-300x225-1.jpg\" alt=\"marbella2-300x225-1.jpg\" \/><\/figure><\/div><div class=\"swiper-slide\" role=\"group\" aria-roledescription=\"slide\" aria-label=\"6 sur 6\"><figure class=\"swiper-slide-inner\"><img decoding=\"async\" class=\"swiper-slide-image\" src=\"https:\/\/www.reservataximalaga.com\/wp-content\/uploads\/2026\/01\/marbella1-300x225-1.jpg\" alt=\"marbella1-300x225-1.jpg\" \/><\/figure><\/div>\t\t\t<\/div>\n\t\t\t\t\t\t\t\t\t\t\t\t<div class=\"elementor-swiper-button elementor-swiper-button-prev\" role=\"button\" tabindex=\"0\">\n\t\t\t\t\t\t<svg aria-hidden=\"true\" class=\"e-font-icon-svg e-eicon-chevron-left\" viewBox=\"0 0 1000 1000\" xmlns=\"http:\/\/www.w3.org\/2000\/svg\"><path d=\"M646 125C629 125 613 133 604 142L308 442C296 454 292 471 292 487 292 504 296 521 308 533L604 854C617 867 629 875 646 875 663 875 679 871 692 858 704 846 713 829 713 812 713 796 708 779 692 767L438 487 692 225C700 217 708 204 708 187 708 171 704 154 692 142 675 129 663 125 646 125Z\"><\/path><\/svg>\t\t\t\t\t<\/div>\n\t\t\t\t\t<div class=\"elementor-swiper-button elementor-swiper-button-next\" role=\"button\" tabindex=\"0\">\n\t\t\t\t\t\t<svg aria-hidden=\"true\" class=\"e-font-icon-svg e-eicon-chevron-right\" viewBox=\"0 0 1000 1000\" xmlns=\"http:\/\/www.w3.org\/2000\/svg\"><path d=\"M696 533C708 521 713 504 713 487 713 471 708 454 696 446L400 146C388 133 375 125 354 125 338 125 325 129 313 142 300 154 292 171 292 187 292 204 296 221 308 233L563 492 304 771C292 783 288 800 288 817 288 833 296 850 308 863 321 871 338 875 354 875 371 875 388 867 400 854L696 533Z\"><\/path><\/svg>\t\t\t\t\t<\/div>\n\t\t\t\t\n\t\t\t\t\t\t\t\t\t<div class=\"swiper-pagination\"><\/div>\n\t\t\t\t\t\t\t\t\t<\/div>\n\t\t\t\t\t\t<\/div>\n\t\t\t\t<\/div>\n\t\t<div class=\"elementor-element elementor-element-55a797a3 e-con-full e-flex e-con e-child\" data-id=\"55a797a3\" data-element_type=\"container\" data-e-type=\"container\">\n\t\t\t\t<div class=\"elementor-element elementor-element-11ab6fe7 elementor-widget elementor-widget-text-editor\" data-id=\"11ab6fe7\" data-element_type=\"widget\" data-e-type=\"widget\" data-widget_type=\"text-editor.default\">\n\t\t\t\t\t\t\t\t\t<h2>MARBELLA ET PUERTO BAN\u00daS<\/h2><p>Marbella se trouve \u00e0 seulement 58&nbsp;km de la ville de M\u00e1laga et est consid\u00e9r\u00e9e comme l&rsquo;une des plus importantes du secteur touristique de toute l&rsquo;Espagne.<\/p><p>Son climat est l&rsquo;un de ses principaux attraits. La vieille ville, avec son charme blanc et soign\u00e9, fait de cette excursion une visite attachante et m\u00e9morable.<\/p><p>Puerto Ban\u00fas, quant \u00e0 lui, est l&rsquo;un des plus grands centres de loisirs et de luxe de la Costa del Sol. Son port concentre les yachts, les restaurants et les commerces les plus luxueux.<\/p><p><strong>Temps d&rsquo;attente&nbsp;: 5&nbsp;heures<\/strong><\/p><ul><li><strong>Taxi 1-4&nbsp;passagers&nbsp;: 190&nbsp;\u20ac par voiture<\/strong><\/li><li><strong>Taxi 5-8&nbsp;passagers&nbsp;: 300&nbsp;\u20ac par voiture<\/strong><\/li><\/ul>\t\t\t\t\t\t\t\t<\/div>\n\t\t\t\t<\/div>\n\t\t\t\t\t<\/div>\n\t\t\t\t<\/div>\n\t\t<div class=\"elementor-element elementor-element-3ae936d7 e-flex e-con-boxed e-con e-parent\" data-id=\"3ae936d7\" data-element_type=\"container\" data-e-type=\"container\" data-settings=\"{&quot;background_background&quot;:&quot;classic&quot;}\">\n\t\t\t\t\t<div class=\"e-con-inner\">\n\t\t<div class=\"elementor-element elementor-element-63f27faa e-con-full e-flex e-con e-child\" data-id=\"63f27faa\" data-element_type=\"container\" data-e-type=\"container\">\n\t\t\t\t<div class=\"elementor-element elementor-element-2620cdf1 elementor-arrows-position-inside elementor-pagination-position-outside elementor-widget elementor-widget-image-carousel\" data-id=\"2620cdf1\" data-element_type=\"widget\" data-e-type=\"widget\" data-settings=\"{&quot;slides_to_show&quot;:&quot;1&quot;,&quot;slides_to_show_tablet&quot;:&quot;2&quot;,&quot;navigation&quot;:&quot;both&quot;,&quot;autoplay&quot;:&quot;yes&quot;,&quot;pause_on_hover&quot;:&quot;yes&quot;,&quot;pause_on_interaction&quot;:&quot;yes&quot;,&quot;autoplay_speed&quot;:5000,&quot;infinite&quot;:&quot;yes&quot;,&quot;effect&quot;:&quot;slide&quot;,&quot;speed&quot;:500}\" data-widget_type=\"image-carousel.default\">\n\t\t\t\t\t\t\t<div class=\"elementor-image-carousel-wrapper swiper\" role=\"region\" aria-roledescription=\"carousel\" aria-label=\"Carrusel de im\u00e1genes\" dir=\"ltr\">\n\t\t\t<div class=\"elementor-image-carousel swiper-wrapper\" aria-live=\"off\">\n\t\t\t\t\t\t\t\t<div class=\"swiper-slide\" role=\"group\" aria-roledescription=\"slide\" aria-label=\"1 sur 6\"><figure class=\"swiper-slide-inner\"><img decoding=\"async\" class=\"swiper-slide-image\" src=\"https:\/\/www.reservataximalaga.com\/wp-content\/uploads\/2026\/01\/caminito-del-rey6-300x225-1.jpg\" alt=\"caminito-del-rey6-300x225-1.jpg\" \/><\/figure><\/div><div class=\"swiper-slide\" role=\"group\" aria-roledescription=\"slide\" aria-label=\"2 sur 6\"><figure class=\"swiper-slide-inner\"><img decoding=\"async\" class=\"swiper-slide-image\" src=\"https:\/\/www.reservataximalaga.com\/wp-content\/uploads\/2026\/01\/caminito-del-rey5-300x225-1.jpg\" alt=\"caminito-del-rey5-300x225-1.jpg\" \/><\/figure><\/div><div class=\"swiper-slide\" role=\"group\" aria-roledescription=\"slide\" aria-label=\"3 sur 6\"><figure class=\"swiper-slide-inner\"><img decoding=\"async\" class=\"swiper-slide-image\" src=\"https:\/\/www.reservataximalaga.com\/wp-content\/uploads\/2026\/01\/caminito-del-rey4-300x225-1.jpg\" alt=\"caminito-del-rey4-300x225-1.jpg\" \/><\/figure><\/div><div class=\"swiper-slide\" role=\"group\" aria-roledescription=\"slide\" aria-label=\"4 sur 6\"><figure class=\"swiper-slide-inner\"><img decoding=\"async\" class=\"swiper-slide-image\" src=\"https:\/\/www.reservataximalaga.com\/wp-content\/uploads\/2026\/01\/caminito-del-rey3-300x225-1.jpg\" alt=\"caminito-del-rey3-300x225-1.jpg\" \/><\/figure><\/div><div class=\"swiper-slide\" role=\"group\" aria-roledescription=\"slide\" aria-label=\"5 sur 6\"><figure class=\"swiper-slide-inner\"><img decoding=\"async\" class=\"swiper-slide-image\" src=\"https:\/\/www.reservataximalaga.com\/wp-content\/uploads\/2026\/01\/caminito-del-rey2-300x225-1.jpg\" alt=\"caminito-del-rey2-300x225-1.jpg\" \/><\/figure><\/div><div class=\"swiper-slide\" role=\"group\" aria-roledescription=\"slide\" aria-label=\"6 sur 6\"><figure class=\"swiper-slide-inner\"><img decoding=\"async\" class=\"swiper-slide-image\" src=\"https:\/\/www.reservataximalaga.com\/wp-content\/uploads\/2026\/01\/caminito-del-rey1-300x225-1.jpg\" alt=\"caminito-del-rey1-300x225-1.jpg\" \/><\/figure><\/div>\t\t\t<\/div>\n\t\t\t\t\t\t\t\t\t\t\t\t<div class=\"elementor-swiper-button elementor-swiper-button-prev\" role=\"button\" tabindex=\"0\">\n\t\t\t\t\t\t<svg aria-hidden=\"true\" class=\"e-font-icon-svg e-eicon-chevron-left\" viewBox=\"0 0 1000 1000\" xmlns=\"http:\/\/www.w3.org\/2000\/svg\"><path d=\"M646 125C629 125 613 133 604 142L308 442C296 454 292 471 292 487 292 504 296 521 308 533L604 854C617 867 629 875 646 875 663 875 679 871 692 858 704 846 713 829 713 812 713 796 708 779 692 767L438 487 692 225C700 217 708 204 708 187 708 171 704 154 692 142 675 129 663 125 646 125Z\"><\/path><\/svg>\t\t\t\t\t<\/div>\n\t\t\t\t\t<div class=\"elementor-swiper-button elementor-swiper-button-next\" role=\"button\" tabindex=\"0\">\n\t\t\t\t\t\t<svg aria-hidden=\"true\" class=\"e-font-icon-svg e-eicon-chevron-right\" viewBox=\"0 0 1000 1000\" xmlns=\"http:\/\/www.w3.org\/2000\/svg\"><path d=\"M696 533C708 521 713 504 713 487 713 471 708 454 696 446L400 146C388 133 375 125 354 125 338 125 325 129 313 142 300 154 292 171 292 187 292 204 296 221 308 233L563 492 304 771C292 783 288 800 288 817 288 833 296 850 308 863 321 871 338 875 354 875 371 875 388 867 400 854L696 533Z\"><\/path><\/svg>\t\t\t\t\t<\/div>\n\t\t\t\t\n\t\t\t\t\t\t\t\t\t<div class=\"swiper-pagination\"><\/div>\n\t\t\t\t\t\t\t\t\t<\/div>\n\t\t\t\t\t\t<\/div>\n\t\t\t\t<\/div>\n\t\t<div class=\"elementor-element elementor-element-47cfbb5d e-con-full e-flex e-con e-child\" data-id=\"47cfbb5d\" data-element_type=\"container\" data-e-type=\"container\">\n\t\t\t\t<div class=\"elementor-element elementor-element-a9213de elementor-widget elementor-widget-text-editor\" data-id=\"a9213de\" data-element_type=\"widget\" data-e-type=\"widget\" data-widget_type=\"text-editor.default\">\n\t\t\t\t\t\t\t\t\t<h2>SENTIER CAMINITO DEL REY<\/h2><p>Si vous voulez vivre la meilleure exp\u00e9rience en marchant dans des gorges de plus de 120&nbsp;m\u00e8tres de haut, vous devez visiter le Caminito del Rey, et profiter de son parcours de 7&nbsp;km, et d&rsquo;\u00e0 peine 1&nbsp;m\u00e8tre de large.<\/p><p>Sa r\u00e9cente r\u00e9novation a garanti de meilleures conditions de s\u00e9curit\u00e9 pour tous ceux qui d\u00e9cident de marcher sur ce sentier.<\/p><p>Ce chemin a \u00e9t\u00e9 inaugur\u00e9 par le roi Alphonse&nbsp;XIII, d&rsquo;o\u00f9 son nom. Cet itin\u00e9raire est consid\u00e9r\u00e9 comme l&rsquo;une des aventures les plus impressionnantes d&rsquo;Europe.<\/p><p><strong>Temps d&rsquo;attente&nbsp;: 5&nbsp;heures<\/strong><\/p><ul><li><strong>Taxi 1-4&nbsp;passagers&nbsp;: 190&nbsp;\u20ac par voiture<\/strong><\/li><li><strong>Taxi 5-8&nbsp;passagers&nbsp;: 300&nbsp;\u20ac par voiture<\/strong><\/li><\/ul>\t\t\t\t\t\t\t\t<\/div>\n\t\t\t\t<\/div>\n\t\t\t\t\t<\/div>\n\t\t\t\t<\/div>\n\t\t<div class=\"elementor-element elementor-element-123f11b1 e-flex e-con-boxed e-con e-parent\" data-id=\"123f11b1\" data-element_type=\"container\" data-e-type=\"container\">\n\t\t\t\t\t<div class=\"e-con-inner\">\n\t\t<div class=\"elementor-element elementor-element-26450918 e-con-full e-flex e-con e-child\" data-id=\"26450918\" data-element_type=\"container\" data-e-type=\"container\">\n\t\t\t\t<div class=\"elementor-element elementor-element-58ef1164 elementor-arrows-position-inside elementor-pagination-position-outside elementor-widget elementor-widget-image-carousel\" data-id=\"58ef1164\" data-element_type=\"widget\" data-e-type=\"widget\" data-settings=\"{&quot;slides_to_show&quot;:&quot;1&quot;,&quot;slides_to_show_tablet&quot;:&quot;2&quot;,&quot;navigation&quot;:&quot;both&quot;,&quot;autoplay&quot;:&quot;yes&quot;,&quot;pause_on_hover&quot;:&quot;yes&quot;,&quot;pause_on_interaction&quot;:&quot;yes&quot;,&quot;autoplay_speed&quot;:5000,&quot;infinite&quot;:&quot;yes&quot;,&quot;effect&quot;:&quot;slide&quot;,&quot;speed&quot;:500}\" data-widget_type=\"image-carousel.default\">\n\t\t\t\t\t\t\t<div class=\"elementor-image-carousel-wrapper swiper\" role=\"region\" aria-roledescription=\"carousel\" aria-label=\"Carrusel de im\u00e1genes\" dir=\"ltr\">\n\t\t\t<div class=\"elementor-image-carousel swiper-wrapper\" aria-live=\"off\">\n\t\t\t\t\t\t\t\t<div class=\"swiper-slide\" role=\"group\" aria-roledescription=\"slide\" aria-label=\"1 sur 6\"><figure class=\"swiper-slide-inner\"><img decoding=\"async\" class=\"swiper-slide-image\" src=\"https:\/\/www.reservataximalaga.com\/wp-content\/uploads\/2026\/01\/granada3-300x225-1.jpg\" alt=\"granada3-300x225-1.jpg\" \/><\/figure><\/div><div class=\"swiper-slide\" role=\"group\" aria-roledescription=\"slide\" aria-label=\"2 sur 6\"><figure class=\"swiper-slide-inner\"><img decoding=\"async\" class=\"swiper-slide-image\" src=\"https:\/\/www.reservataximalaga.com\/wp-content\/uploads\/2026\/01\/granada6-300x225-1.jpg\" alt=\"granada6-300x225-1.jpg\" \/><\/figure><\/div><div class=\"swiper-slide\" role=\"group\" aria-roledescription=\"slide\" aria-label=\"3 sur 6\"><figure class=\"swiper-slide-inner\"><img decoding=\"async\" class=\"swiper-slide-image\" src=\"https:\/\/www.reservataximalaga.com\/wp-content\/uploads\/2026\/01\/granada1-300x225-1.jpg\" alt=\"granada1-300x225-1.jpg\" \/><\/figure><\/div><div class=\"swiper-slide\" role=\"group\" aria-roledescription=\"slide\" aria-label=\"4 sur 6\"><figure class=\"swiper-slide-inner\"><img decoding=\"async\" class=\"swiper-slide-image\" src=\"https:\/\/www.reservataximalaga.com\/wp-content\/uploads\/2026\/01\/granada5-300x225-1.jpg\" alt=\"granada5-300x225-1.jpg\" \/><\/figure><\/div><div class=\"swiper-slide\" role=\"group\" aria-roledescription=\"slide\" aria-label=\"5 sur 6\"><figure class=\"swiper-slide-inner\"><img decoding=\"async\" class=\"swiper-slide-image\" src=\"https:\/\/www.reservataximalaga.com\/wp-content\/uploads\/2026\/01\/granada4-300x225-1.jpg\" alt=\"granada4-300x225-1.jpg\" \/><\/figure><\/div><div class=\"swiper-slide\" role=\"group\" aria-roledescription=\"slide\" aria-label=\"6 sur 6\"><figure class=\"swiper-slide-inner\"><img decoding=\"async\" class=\"swiper-slide-image\" src=\"https:\/\/www.reservataximalaga.com\/wp-content\/uploads\/2026\/01\/granada2-300x225-1.jpg\" alt=\"granada2-300x225-1.jpg\" \/><\/figure><\/div>\t\t\t<\/div>\n\t\t\t\t\t\t\t\t\t\t\t\t<div class=\"elementor-swiper-button elementor-swiper-button-prev\" role=\"button\" tabindex=\"0\">\n\t\t\t\t\t\t<svg aria-hidden=\"true\" class=\"e-font-icon-svg e-eicon-chevron-left\" viewBox=\"0 0 1000 1000\" xmlns=\"http:\/\/www.w3.org\/2000\/svg\"><path d=\"M646 125C629 125 613 133 604 142L308 442C296 454 292 471 292 487 292 504 296 521 308 533L604 854C617 867 629 875 646 875 663 875 679 871 692 858 704 846 713 829 713 812 713 796 708 779 692 767L438 487 692 225C700 217 708 204 708 187 708 171 704 154 692 142 675 129 663 125 646 125Z\"><\/path><\/svg>\t\t\t\t\t<\/div>\n\t\t\t\t\t<div class=\"elementor-swiper-button elementor-swiper-button-next\" role=\"button\" tabindex=\"0\">\n\t\t\t\t\t\t<svg aria-hidden=\"true\" class=\"e-font-icon-svg e-eicon-chevron-right\" viewBox=\"0 0 1000 1000\" xmlns=\"http:\/\/www.w3.org\/2000\/svg\"><path d=\"M696 533C708 521 713 504 713 487 713 471 708 454 696 446L400 146C388 133 375 125 354 125 338 125 325 129 313 142 300 154 292 171 292 187 292 204 296 221 308 233L563 492 304 771C292 783 288 800 288 817 288 833 296 850 308 863 321 871 338 875 354 875 371 875 388 867 400 854L696 533Z\"><\/path><\/svg>\t\t\t\t\t<\/div>\n\t\t\t\t\n\t\t\t\t\t\t\t\t\t<div class=\"swiper-pagination\"><\/div>\n\t\t\t\t\t\t\t\t\t<\/div>\n\t\t\t\t\t\t<\/div>\n\t\t\t\t<\/div>\n\t\t<div class=\"elementor-element elementor-element-1ed83552 e-con-full e-flex e-con e-child\" data-id=\"1ed83552\" data-element_type=\"container\" data-e-type=\"container\">\n\t\t\t\t<div class=\"elementor-element elementor-element-49cfb0b9 elementor-widget elementor-widget-text-editor\" data-id=\"49cfb0b9\" data-element_type=\"widget\" data-e-type=\"widget\" data-widget_type=\"text-editor.default\">\n\t\t\t\t\t\t\t\t\t<h2>GRANADA<\/h2><p>Le meilleur de l&rsquo;histoire espagnole se trouve dans la magnifique ville de Grenade, avec les plus grands monuments qui offrent un paysage inoubliable.<\/p><p>Une ville dont la vieille ville met en valeur l&rsquo;influence de l&rsquo;architecture arabe. De plus, vous pouvez visiter l&rsquo;Alhambra, la Plaza Nueva ou de Santa Ana, le balcon de San Nicol\u00e1s et la cath\u00e9drale, o\u00f9 sont enterr\u00e9s les Rois Catholiques.<\/p><p>L&rsquo;un des lieux les plus visit\u00e9s d&rsquo;Espagne que cette belle ville offre est l&rsquo;ensemble de l&rsquo;Alhambra, un lieu qui fut la r\u00e9sidence des sultans nasrides. Les palais, les tours, les murailles, les appartements royaux et les jardins ne sont que quelques-uns des lieux que cette ville a \u00e0 vous offrir.<\/p><p><strong>Temps d&rsquo;attente&nbsp;: 6&nbsp;heures<\/strong><\/p><ul><li><strong>Taxi 1-4&nbsp;passagers&nbsp;: 250&nbsp;\u20ac par voiture<\/strong><\/li><li><strong>Taxi 5-8&nbsp;passagers&nbsp;: 350&nbsp;\u20ac par voiture<\/strong><\/li><\/ul>\t\t\t\t\t\t\t\t<\/div>\n\t\t\t\t<\/div>\n\t\t\t\t\t<\/div>\n\t\t\t\t<\/div>\n\t\t<div class=\"elementor-element elementor-element-578325b0 e-flex e-con-boxed e-con e-parent\" data-id=\"578325b0\" data-element_type=\"container\" data-e-type=\"container\" data-settings=\"{&quot;background_background&quot;:&quot;classic&quot;}\">\n\t\t\t\t\t<div class=\"e-con-inner\">\n\t\t<div class=\"elementor-element elementor-element-59bcc23d e-con-full e-flex e-con e-child\" data-id=\"59bcc23d\" data-element_type=\"container\" data-e-type=\"container\">\n\t\t\t\t<div class=\"elementor-element elementor-element-82124d9 elementor-arrows-position-inside elementor-pagination-position-outside elementor-widget elementor-widget-image-carousel\" data-id=\"82124d9\" data-element_type=\"widget\" data-e-type=\"widget\" data-settings=\"{&quot;slides_to_show&quot;:&quot;1&quot;,&quot;slides_to_show_tablet&quot;:&quot;2&quot;,&quot;navigation&quot;:&quot;both&quot;,&quot;autoplay&quot;:&quot;yes&quot;,&quot;pause_on_hover&quot;:&quot;yes&quot;,&quot;pause_on_interaction&quot;:&quot;yes&quot;,&quot;autoplay_speed&quot;:5000,&quot;infinite&quot;:&quot;yes&quot;,&quot;effect&quot;:&quot;slide&quot;,&quot;speed&quot;:500}\" data-widget_type=\"image-carousel.default\">\n\t\t\t\t\t\t\t<div class=\"elementor-image-carousel-wrapper swiper\" role=\"region\" aria-roledescription=\"carousel\" aria-label=\"Carrusel de im\u00e1genes\" dir=\"ltr\">\n\t\t\t<div class=\"elementor-image-carousel swiper-wrapper\" aria-live=\"off\">\n\t\t\t\t\t\t\t\t<div class=\"swiper-slide\" role=\"group\" aria-roledescription=\"slide\" aria-label=\"1 sur 6\"><figure class=\"swiper-slide-inner\"><img decoding=\"async\" class=\"swiper-slide-image\" src=\"https:\/\/www.reservataximalaga.com\/wp-content\/uploads\/2026\/01\/sierra-nevada6-300x225-1.jpg\" alt=\"sierra-nevada6-300x225-1.jpg\" \/><\/figure><\/div><div class=\"swiper-slide\" role=\"group\" aria-roledescription=\"slide\" aria-label=\"2 sur 6\"><figure class=\"swiper-slide-inner\"><img decoding=\"async\" class=\"swiper-slide-image\" src=\"https:\/\/www.reservataximalaga.com\/wp-content\/uploads\/2026\/01\/sierra-nevada4-300x225-1.jpg\" alt=\"sierra-nevada4-300x225-1.jpg\" \/><\/figure><\/div><div class=\"swiper-slide\" role=\"group\" aria-roledescription=\"slide\" aria-label=\"3 sur 6\"><figure class=\"swiper-slide-inner\"><img decoding=\"async\" class=\"swiper-slide-image\" src=\"https:\/\/www.reservataximalaga.com\/wp-content\/uploads\/2026\/01\/sierra-nevada5-300x225-1.jpg\" alt=\"sierra-nevada5-300x225-1.jpg\" \/><\/figure><\/div><div class=\"swiper-slide\" role=\"group\" aria-roledescription=\"slide\" aria-label=\"4 sur 6\"><figure class=\"swiper-slide-inner\"><img decoding=\"async\" class=\"swiper-slide-image\" src=\"https:\/\/www.reservataximalaga.com\/wp-content\/uploads\/2026\/01\/sierra-nevada3-300x225-1.jpg\" alt=\"sierra-nevada3-300x225-1.jpg\" \/><\/figure><\/div><div class=\"swiper-slide\" role=\"group\" aria-roledescription=\"slide\" aria-label=\"5 sur 6\"><figure class=\"swiper-slide-inner\"><img decoding=\"async\" class=\"swiper-slide-image\" src=\"https:\/\/www.reservataximalaga.com\/wp-content\/uploads\/2026\/01\/sierra-nevada2-300x225-1.jpg\" alt=\"sierra-nevada2-300x225-1.jpg\" \/><\/figure><\/div><div class=\"swiper-slide\" role=\"group\" aria-roledescription=\"slide\" aria-label=\"6 sur 6\"><figure class=\"swiper-slide-inner\"><img decoding=\"async\" class=\"swiper-slide-image\" src=\"https:\/\/www.reservataximalaga.com\/wp-content\/uploads\/2026\/01\/sierra-nevada1-300x225-1.jpg\" alt=\"sierra-nevada1-300x225-1.jpg\" \/><\/figure><\/div>\t\t\t<\/div>\n\t\t\t\t\t\t\t\t\t\t\t\t<div class=\"elementor-swiper-button elementor-swiper-button-prev\" role=\"button\" tabindex=\"0\">\n\t\t\t\t\t\t<svg aria-hidden=\"true\" class=\"e-font-icon-svg e-eicon-chevron-left\" viewBox=\"0 0 1000 1000\" xmlns=\"http:\/\/www.w3.org\/2000\/svg\"><path d=\"M646 125C629 125 613 133 604 142L308 442C296 454 292 471 292 487 292 504 296 521 308 533L604 854C617 867 629 875 646 875 663 875 679 871 692 858 704 846 713 829 713 812 713 796 708 779 692 767L438 487 692 225C700 217 708 204 708 187 708 171 704 154 692 142 675 129 663 125 646 125Z\"><\/path><\/svg>\t\t\t\t\t<\/div>\n\t\t\t\t\t<div class=\"elementor-swiper-button elementor-swiper-button-next\" role=\"button\" tabindex=\"0\">\n\t\t\t\t\t\t<svg aria-hidden=\"true\" class=\"e-font-icon-svg e-eicon-chevron-right\" viewBox=\"0 0 1000 1000\" xmlns=\"http:\/\/www.w3.org\/2000\/svg\"><path d=\"M696 533C708 521 713 504 713 487 713 471 708 454 696 446L400 146C388 133 375 125 354 125 338 125 325 129 313 142 300 154 292 171 292 187 292 204 296 221 308 233L563 492 304 771C292 783 288 800 288 817 288 833 296 850 308 863 321 871 338 875 354 875 371 875 388 867 400 854L696 533Z\"><\/path><\/svg>\t\t\t\t\t<\/div>\n\t\t\t\t\n\t\t\t\t\t\t\t\t\t<div class=\"swiper-pagination\"><\/div>\n\t\t\t\t\t\t\t\t\t<\/div>\n\t\t\t\t\t\t<\/div>\n\t\t\t\t<\/div>\n\t\t<div class=\"elementor-element elementor-element-58349b2a e-con-full e-flex e-con e-child\" data-id=\"58349b2a\" data-element_type=\"container\" data-e-type=\"container\">\n\t\t\t\t<div class=\"elementor-element elementor-element-4e8cbfd7 elementor-widget elementor-widget-text-editor\" data-id=\"4e8cbfd7\" data-element_type=\"widget\" data-e-type=\"widget\" data-widget_type=\"text-editor.default\">\n\t\t\t\t\t\t\t\t\t<h2>SIERRA NEVADA<\/h2><p>Il est bien connu que la ville de Grenade est c\u00e9l\u00e8bre pour sa belle c\u00f4te et son soleil imposant. Cependant, cette merveilleuse ville vous offre \u00e9galement la possibilit\u00e9 de d\u00e9couvrir la Sierra Nevada, o\u00f9 vous pourrez profiter de l&rsquo;une des meilleures stations hivernales de toute l&rsquo;Europe.<\/p><p>La station est compos\u00e9e de 118&nbsp;pistes avec diff\u00e9rents degr\u00e9s de difficult\u00e9, d&rsquo;une longueur de 104,85&nbsp;kilom\u00e8tres, o\u00f9 vous avez la possibilit\u00e9 de pratiquer le ski et le snowboard. Son principal attrait est la possibilit\u00e9 de skier de nuit sur une piste \u00e9clair\u00e9e.<\/p><p><strong>Temps d&rsquo;attente&nbsp;: 6&nbsp;heures<\/strong><\/p><ul><li><strong>Taxi 1-4&nbsp;passagers&nbsp;: 280&nbsp;\u20ac par voiture<\/strong><\/li><li><strong>Taxi 5-8&nbsp;passagers&nbsp;: 390&nbsp;\u20ac par voiture<\/strong><\/li><\/ul>\t\t\t\t\t\t\t\t<\/div>\n\t\t\t\t<\/div>\n\t\t\t\t\t<\/div>\n\t\t\t\t<\/div>\n\t\t<div class=\"elementor-element elementor-element-44855b7 e-flex e-con-boxed e-con e-parent\" data-id=\"44855b7\" data-element_type=\"container\" data-e-type=\"container\">\n\t\t\t\t\t<div class=\"e-con-inner\">\n\t\t<div class=\"elementor-element elementor-element-a15fb5e e-con-full e-flex e-con e-child\" data-id=\"a15fb5e\" data-element_type=\"container\" data-e-type=\"container\">\n\t\t\t\t<div class=\"elementor-element elementor-element-269b12b6 elementor-arrows-position-inside elementor-pagination-position-outside elementor-widget elementor-widget-image-carousel\" data-id=\"269b12b6\" data-element_type=\"widget\" data-e-type=\"widget\" data-settings=\"{&quot;slides_to_show&quot;:&quot;1&quot;,&quot;slides_to_show_tablet&quot;:&quot;2&quot;,&quot;navigation&quot;:&quot;both&quot;,&quot;autoplay&quot;:&quot;yes&quot;,&quot;pause_on_hover&quot;:&quot;yes&quot;,&quot;pause_on_interaction&quot;:&quot;yes&quot;,&quot;autoplay_speed&quot;:5000,&quot;infinite&quot;:&quot;yes&quot;,&quot;effect&quot;:&quot;slide&quot;,&quot;speed&quot;:500}\" data-widget_type=\"image-carousel.default\">\n\t\t\t\t\t\t\t<div class=\"elementor-image-carousel-wrapper swiper\" role=\"region\" aria-roledescription=\"carousel\" aria-label=\"Carrusel de im\u00e1genes\" dir=\"ltr\">\n\t\t\t<div class=\"elementor-image-carousel swiper-wrapper\" aria-live=\"off\">\n\t\t\t\t\t\t\t\t<div class=\"swiper-slide\" role=\"group\" aria-roledescription=\"slide\" aria-label=\"1 sur 6\"><figure class=\"swiper-slide-inner\"><img decoding=\"async\" class=\"swiper-slide-image\" src=\"https:\/\/www.reservataximalaga.com\/wp-content\/uploads\/2026\/01\/sevilla6-300x225-1.jpg\" alt=\"sevilla6-300x225-1.jpg\" \/><\/figure><\/div><div class=\"swiper-slide\" role=\"group\" aria-roledescription=\"slide\" aria-label=\"2 sur 6\"><figure class=\"swiper-slide-inner\"><img decoding=\"async\" class=\"swiper-slide-image\" src=\"https:\/\/www.reservataximalaga.com\/wp-content\/uploads\/2026\/01\/sevilla4-300x225-1.jpg\" alt=\"sevilla4-300x225-1.jpg\" \/><\/figure><\/div><div class=\"swiper-slide\" role=\"group\" aria-roledescription=\"slide\" aria-label=\"3 sur 6\"><figure class=\"swiper-slide-inner\"><img decoding=\"async\" class=\"swiper-slide-image\" src=\"https:\/\/www.reservataximalaga.com\/wp-content\/uploads\/2026\/01\/sevilla5-300x225-1.jpg\" alt=\"sevilla5-300x225-1.jpg\" \/><\/figure><\/div><div class=\"swiper-slide\" role=\"group\" aria-roledescription=\"slide\" aria-label=\"4 sur 6\"><figure class=\"swiper-slide-inner\"><img decoding=\"async\" class=\"swiper-slide-image\" src=\"https:\/\/www.reservataximalaga.com\/wp-content\/uploads\/2026\/01\/sevilla3-300x225-1.jpg\" alt=\"sevilla3-300x225-1.jpg\" \/><\/figure><\/div><div class=\"swiper-slide\" role=\"group\" aria-roledescription=\"slide\" aria-label=\"5 sur 6\"><figure class=\"swiper-slide-inner\"><img decoding=\"async\" class=\"swiper-slide-image\" src=\"https:\/\/www.reservataximalaga.com\/wp-content\/uploads\/2026\/01\/sevilla2-300x225-1.jpg\" alt=\"sevilla2-300x225-1.jpg\" \/><\/figure><\/div><div class=\"swiper-slide\" role=\"group\" aria-roledescription=\"slide\" aria-label=\"6 sur 6\"><figure class=\"swiper-slide-inner\"><img decoding=\"async\" class=\"swiper-slide-image\" src=\"https:\/\/www.reservataximalaga.com\/wp-content\/uploads\/2026\/01\/sevilla1-300x225-1.jpg\" alt=\"sevilla1-300x225-1.jpg\" \/><\/figure><\/div>\t\t\t<\/div>\n\t\t\t\t\t\t\t\t\t\t\t\t<div class=\"elementor-swiper-button elementor-swiper-button-prev\" role=\"button\" tabindex=\"0\">\n\t\t\t\t\t\t<svg aria-hidden=\"true\" class=\"e-font-icon-svg e-eicon-chevron-left\" viewBox=\"0 0 1000 1000\" xmlns=\"http:\/\/www.w3.org\/2000\/svg\"><path d=\"M646 125C629 125 613 133 604 142L308 442C296 454 292 471 292 487 292 504 296 521 308 533L604 854C617 867 629 875 646 875 663 875 679 871 692 858 704 846 713 829 713 812 713 796 708 779 692 767L438 487 692 225C700 217 708 204 708 187 708 171 704 154 692 142 675 129 663 125 646 125Z\"><\/path><\/svg>\t\t\t\t\t<\/div>\n\t\t\t\t\t<div class=\"elementor-swiper-button elementor-swiper-button-next\" role=\"button\" tabindex=\"0\">\n\t\t\t\t\t\t<svg aria-hidden=\"true\" class=\"e-font-icon-svg e-eicon-chevron-right\" viewBox=\"0 0 1000 1000\" xmlns=\"http:\/\/www.w3.org\/2000\/svg\"><path d=\"M696 533C708 521 713 504 713 487 713 471 708 454 696 446L400 146C388 133 375 125 354 125 338 125 325 129 313 142 300 154 292 171 292 187 292 204 296 221 308 233L563 492 304 771C292 783 288 800 288 817 288 833 296 850 308 863 321 871 338 875 354 875 371 875 388 867 400 854L696 533Z\"><\/path><\/svg>\t\t\t\t\t<\/div>\n\t\t\t\t\n\t\t\t\t\t\t\t\t\t<div class=\"swiper-pagination\"><\/div>\n\t\t\t\t\t\t\t\t\t<\/div>\n\t\t\t\t\t\t<\/div>\n\t\t\t\t<\/div>\n\t\t<div class=\"elementor-element elementor-element-282d09ad e-con-full e-flex e-con e-child\" data-id=\"282d09ad\" data-element_type=\"container\" data-e-type=\"container\">\n\t\t\t\t<div class=\"elementor-element elementor-element-27ce4389 elementor-widget elementor-widget-text-editor\" data-id=\"27ce4389\" data-element_type=\"widget\" data-e-type=\"widget\" data-widget_type=\"text-editor.default\">\n\t\t\t\t\t\t\t\t\t<h2>S\u00c9VILLE<\/h2><p>C&rsquo;est la capitale andalouse, avec un ensemble de constructions class\u00e9es au patrimoine mondial, \u00e0 commencer par la cath\u00e9drale, les Reales Alc\u00e1zares et les Archives des Indes. Sur les rives du Guadalquivir, vous trouverez la Torre del Oro, une construction d&rsquo;origine arabe qui faisait partie des anciens remparts.<\/p><p>S\u00e9ville est la ville typique pleine de coutumes castillanes et typiques de la r\u00e9gion andalouse.<\/p><p>Dans le quartier connu de Santa Cruz, vous pouvez trouver la c\u00e9l\u00e8bre Giralda et le Patio de los Naranjos. Elle poss\u00e8de \u00e9galement d&rsquo;autres quartiers populaires tels que Triana ou La Macarena, des quartiers o\u00f9 vous pourrez d\u00e9guster son excellente gastronomie avec les c\u00e9l\u00e8bres \u00ab&nbsp;tapas&nbsp;\u00bb.<\/p><p><strong>Temps d&rsquo;attente&nbsp;: 6&nbsp;heures<\/strong><\/p><ul><li><strong>Taxi 1-4&nbsp;passagers&nbsp;: 280&nbsp;\u20ac par voiture<\/strong><\/li><li><strong>Taxi 5-8&nbsp;passagers&nbsp;: 390&nbsp;\u20ac par voiture<\/strong><\/li><\/ul>\t\t\t\t\t\t\t\t<\/div>\n\t\t\t\t<\/div>\n\t\t\t\t\t<\/div>\n\t\t\t\t<\/div>\n\t\t<div class=\"elementor-element elementor-element-1bf93391 e-flex e-con-boxed e-con e-parent\" data-id=\"1bf93391\" data-element_type=\"container\" data-e-type=\"container\" data-settings=\"{&quot;background_background&quot;:&quot;classic&quot;}\">\n\t\t\t\t\t<div class=\"e-con-inner\">\n\t\t<div class=\"elementor-element elementor-element-629d1756 e-con-full e-flex e-con e-child\" data-id=\"629d1756\" data-element_type=\"container\" data-e-type=\"container\">\n\t\t\t\t<div class=\"elementor-element elementor-element-5ea7ffd0 elementor-arrows-position-inside elementor-pagination-position-outside elementor-widget elementor-widget-image-carousel\" data-id=\"5ea7ffd0\" data-element_type=\"widget\" data-e-type=\"widget\" data-settings=\"{&quot;slides_to_show&quot;:&quot;1&quot;,&quot;slides_to_show_tablet&quot;:&quot;2&quot;,&quot;navigation&quot;:&quot;both&quot;,&quot;autoplay&quot;:&quot;yes&quot;,&quot;pause_on_hover&quot;:&quot;yes&quot;,&quot;pause_on_interaction&quot;:&quot;yes&quot;,&quot;autoplay_speed&quot;:5000,&quot;infinite&quot;:&quot;yes&quot;,&quot;effect&quot;:&quot;slide&quot;,&quot;speed&quot;:500}\" data-widget_type=\"image-carousel.default\">\n\t\t\t\t\t\t\t<div class=\"elementor-image-carousel-wrapper swiper\" role=\"region\" aria-roledescription=\"carousel\" aria-label=\"Carrusel de im\u00e1genes\" dir=\"ltr\">\n\t\t\t<div class=\"elementor-image-carousel swiper-wrapper\" aria-live=\"off\">\n\t\t\t\t\t\t\t\t<div class=\"swiper-slide\" role=\"group\" aria-roledescription=\"slide\" aria-label=\"1 sur 6\"><figure class=\"swiper-slide-inner\"><img decoding=\"async\" class=\"swiper-slide-image\" src=\"https:\/\/www.reservataximalaga.com\/wp-content\/uploads\/2026\/01\/cordoba4-300x225-1.jpg\" alt=\"cordoba4-300x225-1.jpg\" \/><\/figure><\/div><div class=\"swiper-slide\" role=\"group\" aria-roledescription=\"slide\" aria-label=\"2 sur 6\"><figure class=\"swiper-slide-inner\"><img decoding=\"async\" class=\"swiper-slide-image\" src=\"https:\/\/www.reservataximalaga.com\/wp-content\/uploads\/2026\/01\/cordoba5-300x225-1.jpg\" alt=\"cordoba5-300x225-1.jpg\" \/><\/figure><\/div><div class=\"swiper-slide\" role=\"group\" aria-roledescription=\"slide\" aria-label=\"3 sur 6\"><figure class=\"swiper-slide-inner\"><img decoding=\"async\" class=\"swiper-slide-image\" src=\"https:\/\/www.reservataximalaga.com\/wp-content\/uploads\/2026\/01\/cordoba6-300x225-1.jpg\" alt=\"cordoba6-300x225-1.jpg\" \/><\/figure><\/div><div class=\"swiper-slide\" role=\"group\" aria-roledescription=\"slide\" aria-label=\"4 sur 6\"><figure class=\"swiper-slide-inner\"><img decoding=\"async\" class=\"swiper-slide-image\" src=\"https:\/\/www.reservataximalaga.com\/wp-content\/uploads\/2026\/01\/cordoba2-300x225-1.jpg\" alt=\"cordoba2-300x225-1.jpg\" \/><\/figure><\/div><div class=\"swiper-slide\" role=\"group\" aria-roledescription=\"slide\" aria-label=\"5 sur 6\"><figure class=\"swiper-slide-inner\"><img decoding=\"async\" class=\"swiper-slide-image\" src=\"https:\/\/www.reservataximalaga.com\/wp-content\/uploads\/2026\/01\/cordoba3-300x225-1.jpg\" alt=\"cordoba3-300x225-1.jpg\" \/><\/figure><\/div><div class=\"swiper-slide\" role=\"group\" aria-roledescription=\"slide\" aria-label=\"6 sur 6\"><figure class=\"swiper-slide-inner\"><img decoding=\"async\" class=\"swiper-slide-image\" src=\"https:\/\/www.reservataximalaga.com\/wp-content\/uploads\/2026\/01\/cordoba1-300x225-1.jpg\" alt=\"cordoba1-300x225-1.jpg\" \/><\/figure><\/div>\t\t\t<\/div>\n\t\t\t\t\t\t\t\t\t\t\t\t<div class=\"elementor-swiper-button elementor-swiper-button-prev\" role=\"button\" tabindex=\"0\">\n\t\t\t\t\t\t<svg aria-hidden=\"true\" class=\"e-font-icon-svg e-eicon-chevron-left\" viewBox=\"0 0 1000 1000\" xmlns=\"http:\/\/www.w3.org\/2000\/svg\"><path d=\"M646 125C629 125 613 133 604 142L308 442C296 454 292 471 292 487 292 504 296 521 308 533L604 854C617 867 629 875 646 875 663 875 679 871 692 858 704 846 713 829 713 812 713 796 708 779 692 767L438 487 692 225C700 217 708 204 708 187 708 171 704 154 692 142 675 129 663 125 646 125Z\"><\/path><\/svg>\t\t\t\t\t<\/div>\n\t\t\t\t\t<div class=\"elementor-swiper-button elementor-swiper-button-next\" role=\"button\" tabindex=\"0\">\n\t\t\t\t\t\t<svg aria-hidden=\"true\" class=\"e-font-icon-svg e-eicon-chevron-right\" viewBox=\"0 0 1000 1000\" xmlns=\"http:\/\/www.w3.org\/2000\/svg\"><path d=\"M696 533C708 521 713 504 713 487 713 471 708 454 696 446L400 146C388 133 375 125 354 125 338 125 325 129 313 142 300 154 292 171 292 187 292 204 296 221 308 233L563 492 304 771C292 783 288 800 288 817 288 833 296 850 308 863 321 871 338 875 354 875 371 875 388 867 400 854L696 533Z\"><\/path><\/svg>\t\t\t\t\t<\/div>\n\t\t\t\t\n\t\t\t\t\t\t\t\t\t<div class=\"swiper-pagination\"><\/div>\n\t\t\t\t\t\t\t\t\t<\/div>\n\t\t\t\t\t\t<\/div>\n\t\t\t\t<\/div>\n\t\t<div class=\"elementor-element elementor-element-68b8f657 e-con-full e-flex e-con e-child\" data-id=\"68b8f657\" data-element_type=\"container\" data-e-type=\"container\">\n\t\t\t\t<div class=\"elementor-element elementor-element-2a58e21f elementor-widget elementor-widget-text-editor\" data-id=\"2a58e21f\" data-element_type=\"widget\" data-e-type=\"widget\" data-widget_type=\"text-editor.default\">\n\t\t\t\t\t\t\t\t\t<h2>C\u00d3RDOBA<\/h2><p>C\u00f3rdoba se trouve au pied de la Sierra Morena, faisant partie de l&rsquo;une des repr\u00e9sentantes de la beaut\u00e9 architecturale de l&rsquo;histoire du pays.<\/p><p>Ville aux rues \u00e9troites autour de la mosqu\u00e9e-cath\u00e9drale, dont les fa\u00e7ades blanchies \u00e0 la chaux sont rehauss\u00e9es de carreaux et de grilles. Le centre historique de Cordoue est class\u00e9 au patrimoine de l&rsquo;humanit\u00e9&nbsp;; il faut \u00e9galement souligner le d\u00e9lice du vin cordouan et de ses \u00ab&nbsp;tapas&nbsp;\u00bb.<\/p><p>Un lieu qui pourrait vous int\u00e9resser est le quartier juif. Dans ce quartier appartenant \u00e0 la ville de Cordoue, vous trouverez la Plazuela de las Flores, la maison des ducs de Medina Sidonia et la synagogue.<\/p><p><strong>Temps d&rsquo;attente&nbsp;: 6&nbsp;heures<\/strong><\/p><ul><li><strong>Taxi 1-4&nbsp;passagers&nbsp;: 280&nbsp;\u20ac par voiture<\/strong><\/li><li><strong>Taxi 5-8&nbsp;passagers&nbsp;: 390&nbsp;\u20ac par voiture<\/strong><\/li><\/ul>\t\t\t\t\t\t\t\t<\/div>\n\t\t\t\t<\/div>\n\t\t\t\t\t<\/div>\n\t\t\t\t<\/div>\n\t\t<div class=\"elementor-element elementor-element-3cd2361f e-flex e-con-boxed e-con e-parent\" data-id=\"3cd2361f\" data-element_type=\"container\" data-e-type=\"container\">\n\t\t\t\t\t<div class=\"e-con-inner\">\n\t\t<div class=\"elementor-element elementor-element-5d7baecb e-con-full e-flex e-con e-child\" data-id=\"5d7baecb\" data-element_type=\"container\" data-e-type=\"container\">\n\t\t\t\t<div class=\"elementor-element elementor-element-2d1a1033 elementor-arrows-position-inside elementor-pagination-position-outside elementor-widget elementor-widget-image-carousel\" data-id=\"2d1a1033\" data-element_type=\"widget\" data-e-type=\"widget\" data-settings=\"{&quot;slides_to_show&quot;:&quot;1&quot;,&quot;slides_to_show_tablet&quot;:&quot;2&quot;,&quot;navigation&quot;:&quot;both&quot;,&quot;autoplay&quot;:&quot;yes&quot;,&quot;pause_on_hover&quot;:&quot;yes&quot;,&quot;pause_on_interaction&quot;:&quot;yes&quot;,&quot;autoplay_speed&quot;:5000,&quot;infinite&quot;:&quot;yes&quot;,&quot;effect&quot;:&quot;slide&quot;,&quot;speed&quot;:500}\" data-widget_type=\"image-carousel.default\">\n\t\t\t\t\t\t\t<div class=\"elementor-image-carousel-wrapper swiper\" role=\"region\" aria-roledescription=\"carousel\" aria-label=\"Carrusel de im\u00e1genes\" dir=\"ltr\">\n\t\t\t<div class=\"elementor-image-carousel swiper-wrapper\" aria-live=\"off\">\n\t\t\t\t\t\t\t\t<div class=\"swiper-slide\" role=\"group\" aria-roledescription=\"slide\" aria-label=\"1 sur 6\"><figure class=\"swiper-slide-inner\"><img decoding=\"async\" class=\"swiper-slide-image\" src=\"https:\/\/www.reservataximalaga.com\/wp-content\/uploads\/2026\/01\/gibraltar6-300x225-1.jpg\" alt=\"gibraltar6-300x225-1.jpg\" \/><\/figure><\/div><div class=\"swiper-slide\" role=\"group\" aria-roledescription=\"slide\" aria-label=\"2 sur 6\"><figure class=\"swiper-slide-inner\"><img decoding=\"async\" class=\"swiper-slide-image\" src=\"https:\/\/www.reservataximalaga.com\/wp-content\/uploads\/2026\/01\/gibraltar5-300x225-1.jpg\" alt=\"gibraltar5-300x225-1.jpg\" \/><\/figure><\/div><div class=\"swiper-slide\" role=\"group\" aria-roledescription=\"slide\" aria-label=\"3 sur 6\"><figure class=\"swiper-slide-inner\"><img decoding=\"async\" class=\"swiper-slide-image\" src=\"https:\/\/www.reservataximalaga.com\/wp-content\/uploads\/2026\/01\/gibraltar4-300x225-1.jpg\" alt=\"gibraltar4-300x225-1.jpg\" \/><\/figure><\/div><div class=\"swiper-slide\" role=\"group\" aria-roledescription=\"slide\" aria-label=\"4 sur 6\"><figure class=\"swiper-slide-inner\"><img decoding=\"async\" class=\"swiper-slide-image\" src=\"https:\/\/www.reservataximalaga.com\/wp-content\/uploads\/2026\/01\/gibraltar1-300x225-1.jpg\" alt=\"gibraltar1-300x225-1.jpg\" \/><\/figure><\/div><div class=\"swiper-slide\" role=\"group\" aria-roledescription=\"slide\" aria-label=\"5 sur 6\"><figure class=\"swiper-slide-inner\"><img decoding=\"async\" class=\"swiper-slide-image\" src=\"https:\/\/www.reservataximalaga.com\/wp-content\/uploads\/2026\/01\/gibraltar2-300x225-1.jpg\" alt=\"gibraltar2-300x225-1.jpg\" \/><\/figure><\/div><div class=\"swiper-slide\" role=\"group\" aria-roledescription=\"slide\" aria-label=\"6 sur 6\"><figure class=\"swiper-slide-inner\"><img decoding=\"async\" class=\"swiper-slide-image\" src=\"https:\/\/www.reservataximalaga.com\/wp-content\/uploads\/2026\/01\/gibraltar3-300x225-1.jpg\" alt=\"gibraltar3-300x225-1.jpg\" \/><\/figure><\/div>\t\t\t<\/div>\n\t\t\t\t\t\t\t\t\t\t\t\t<div class=\"elementor-swiper-button elementor-swiper-button-prev\" role=\"button\" tabindex=\"0\">\n\t\t\t\t\t\t<svg aria-hidden=\"true\" class=\"e-font-icon-svg e-eicon-chevron-left\" viewBox=\"0 0 1000 1000\" xmlns=\"http:\/\/www.w3.org\/2000\/svg\"><path d=\"M646 125C629 125 613 133 604 142L308 442C296 454 292 471 292 487 292 504 296 521 308 533L604 854C617 867 629 875 646 875 663 875 679 871 692 858 704 846 713 829 713 812 713 796 708 779 692 767L438 487 692 225C700 217 708 204 708 187 708 171 704 154 692 142 675 129 663 125 646 125Z\"><\/path><\/svg>\t\t\t\t\t<\/div>\n\t\t\t\t\t<div class=\"elementor-swiper-button elementor-swiper-button-next\" role=\"button\" tabindex=\"0\">\n\t\t\t\t\t\t<svg aria-hidden=\"true\" class=\"e-font-icon-svg e-eicon-chevron-right\" viewBox=\"0 0 1000 1000\" xmlns=\"http:\/\/www.w3.org\/2000\/svg\"><path d=\"M696 533C708 521 713 504 713 487 713 471 708 454 696 446L400 146C388 133 375 125 354 125 338 125 325 129 313 142 300 154 292 171 292 187 292 204 296 221 308 233L563 492 304 771C292 783 288 800 288 817 288 833 296 850 308 863 321 871 338 875 354 875 371 875 388 867 400 854L696 533Z\"><\/path><\/svg>\t\t\t\t\t<\/div>\n\t\t\t\t\n\t\t\t\t\t\t\t\t\t<div class=\"swiper-pagination\"><\/div>\n\t\t\t\t\t\t\t\t\t<\/div>\n\t\t\t\t\t\t<\/div>\n\t\t\t\t<\/div>\n\t\t<div class=\"elementor-element elementor-element-4cf76ce4 e-con-full e-flex e-con e-child\" data-id=\"4cf76ce4\" data-element_type=\"container\" data-e-type=\"container\">\n\t\t\t\t<div class=\"elementor-element elementor-element-58038733 elementor-widget elementor-widget-text-editor\" data-id=\"58038733\" data-element_type=\"widget\" data-e-type=\"widget\" data-widget_type=\"text-editor.default\">\n\t\t\t\t\t\t\t\t\t<h2>GIBRALTAR<\/h2><p>Gibraltar est une ville \u00e9tablie au pied du rocher du m\u00eame nom. Il vaut la peine de monter au rocher et de profiter de ses vues spectaculaires sur le d\u00e9troit et de profiter \u00e9galement de la colonie de sympathiques singes indig\u00e8nes en libert\u00e9 qui y vivent.<\/p><p>Gibraltar est situ\u00e9 sur une petite p\u00e9ninsule \u00e0 l&rsquo;extr\u00e9mit\u00e9 sud de la p\u00e9ninsule ib\u00e9rique. Son \u00e9conomie repose sur le secteur des services, principalement en tant que centre financier, touristique et port franc.<\/p><p>Un lieu sans \u00e9gal, id\u00e9al pour faire du shopping, visiter et profiter au maximum de tout ce qu&rsquo;il a \u00e0 vous offrir.<\/p><p><strong>Temps d&rsquo;attente&nbsp;: 6&nbsp;heures<\/strong><\/p><ul><li><strong>Taxi 1-4&nbsp;passagers&nbsp;: 260&nbsp;\u20ac par voiture<\/strong><\/li><li><strong>Taxi 5-8&nbsp;passagers&nbsp;: 380&nbsp;\u20ac par voiture<\/strong><\/li><\/ul>\t\t\t\t\t\t\t\t<\/div>\n\t\t\t\t<\/div>\n\t\t\t\t\t<\/div>\n\t\t\t\t<\/div>\n\t\t\t\t<\/div>\n\t\t","protected":false},"excerpt":{"rendered":"<p>Visites guid\u00e9es M\u00c1LAGA, CAPITALE Si vous souhaitez profiter d&rsquo;une v\u00e9ritable visite de l&rsquo;histoire de la ville de M\u00e1laga, avec ses principaux monuments et mus\u00e9es, et ainsi d\u00e9couvrir l&rsquo;\u00e9volution de cette importante ville, n&rsquo;h\u00e9sitez pas \u00e0 contacter nos services. Nous vous emm\u00e8nerons dans les coins les plus importants. M\u00e1laga est class\u00e9e ensemble historique. Au centre de [&hellip;]<\/p>\n","protected":false},"author":16,"featured_media":0,"parent":0,"menu_order":0,"comment_status":"closed","ping_status":"closed","template":"","meta":{"site-sidebar-layout":"default","site-content-layout":"","ast-site-content-layout":"default","site-content-style":"default","site-sidebar-style":"default","ast-global-header-display":"","ast-banner-title-visibility":"","ast-main-header-display":"","ast-hfb-above-header-display":"","ast-hfb-below-header-display":"","ast-hfb-mobile-header-display":"","site-post-title":"","ast-breadcrumbs-content":"","ast-featured-img":"","footer-sml-layout":"","ast-disable-related-posts":"","theme-transparent-header-meta":"","adv-header-id-meta":"","stick-header-meta":"","header-above-stick-meta":"","header-main-stick-meta":"","header-below-stick-meta":"","astra-migrate-meta-layouts":"default","ast-page-background-enabled":"default","ast-page-background-meta":{"desktop":{"background-color":"var(--ast-global-color-4)","background-image":"","background-repeat":"repeat","background-position":"center center","background-size":"auto","background-attachment":"scroll","background-type":"","background-media":"","overlay-type":"","overlay-color":"","overlay-opacity":"","overlay-gradient":""},"tablet":{"background-color":"","background-image":"","background-repeat":"repeat","background-position":"center center","background-size":"auto","background-attachment":"scroll","background-type":"","background-media":"","overlay-type":"","overlay-color":"","overlay-opacity":"","overlay-gradient":""},"mobile":{"background-color":"","background-image":"","background-repeat":"repeat","background-position":"center center","background-size":"auto","background-attachment":"scroll","background-type":"","background-media":"","overlay-type":"","overlay-color":"","overlay-opacity":"","overlay-gradient":""}},"ast-content-background-meta":{"desktop":{"background-color":"var(--ast-global-color-5)","background-image":"","background-repeat":"repeat","background-position":"center center","background-size":"auto","background-attachment":"scroll","background-type":"","background-media":"","overlay-type":"","overlay-color":"","overlay-opacity":"","overlay-gradient":""},"tablet":{"background-color":"var(--ast-global-color-5)","background-image":"","background-repeat":"repeat","background-position":"center center","background-size":"auto","background-attachment":"scroll","background-type":"","background-media":"","overlay-type":"","overlay-color":"","overlay-opacity":"","overlay-gradient":""},"mobile":{"background-color":"var(--ast-global-color-5)","background-image":"","background-repeat":"repeat","background-position":"center center","background-size":"auto","background-attachment":"scroll","background-type":"","background-media":"","overlay-type":"","overlay-color":"","overlay-opacity":"","overlay-gradient":""}},"footnotes":""},"class_list":["post-5924","page","type-page","status-publish","hentry"],"yoast_head":"<!-- This site is optimized with the Yoast SEO plugin v27.5 - https:\/\/yoast.com\/product\/yoast-seo-wordpress\/ -->\n<title>Visites guid\u00e9es<\/title>\n<meta name=\"robots\" content=\"index, follow, max-snippet:-1, max-image-preview:large, max-video-preview:-1\" \/>\n<link rel=\"canonical\" href=\"https:\/\/www.reservataximalaga.com\/fr\/visites-guidees\/\" \/>\n<meta property=\"og:locale\" content=\"fr_FR\" \/>\n<meta property=\"og:type\" content=\"article\" \/>\n<meta property=\"og:title\" content=\"Visites guid\u00e9es\" \/>\n<meta property=\"og:description\" content=\"Visites guid\u00e9es M\u00c1LAGA, CAPITALE Si vous souhaitez profiter d&rsquo;une v\u00e9ritable visite de l&rsquo;histoire de la ville de M\u00e1laga, avec ses principaux monuments et mus\u00e9es, et ainsi d\u00e9couvrir l&rsquo;\u00e9volution de cette importante ville, n&rsquo;h\u00e9sitez pas \u00e0 contacter nos services. Nous vous emm\u00e8nerons dans les coins les plus importants. M\u00e1laga est class\u00e9e ensemble historique. Au centre de [&hellip;]\" \/>\n<meta property=\"og:url\" content=\"https:\/\/www.reservataximalaga.com\/fr\/visites-guidees\/\" \/>\n<meta property=\"og:site_name\" content=\"Taxi Aeropuerto Malaga. Transfer, traslado, reserva de taxi en Malaga.\" \/>\n<meta property=\"article:modified_time\" content=\"2026-02-03T15:32:08+00:00\" \/>\n<meta property=\"og:image\" content=\"https:\/\/www.reservataximalaga.com\/wp-content\/uploads\/2026\/01\/malaga2-300x225.jpg\" \/>\n<meta name=\"twitter:label1\" content=\"Dur\u00e9e de lecture estim\u00e9e\" \/>\n\t<meta name=\"twitter:data1\" content=\"9 minutes\" \/>\n<script type=\"application\/ld+json\" class=\"yoast-schema-graph\">{\"@context\":\"https:\\\/\\\/schema.org\",\"@graph\":[{\"@type\":\"WebPage\",\"@id\":\"https:\\\/\\\/www.reservataximalaga.com\\\/fr\\\/visites-guidees\\\/\",\"url\":\"https:\\\/\\\/www.reservataximalaga.com\\\/fr\\\/visites-guidees\\\/\",\"name\":\"Visites guid\u00e9es\",\"isPartOf\":{\"@id\":\"https:\\\/\\\/www.reservataximalaga.com\\\/#website\"},\"primaryImageOfPage\":{\"@id\":\"https:\\\/\\\/www.reservataximalaga.com\\\/fr\\\/visites-guidees\\\/#primaryimage\"},\"image\":{\"@id\":\"https:\\\/\\\/www.reservataximalaga.com\\\/fr\\\/visites-guidees\\\/#primaryimage\"},\"thumbnailUrl\":\"https:\\\/\\\/www.reservataximalaga.com\\\/wp-content\\\/uploads\\\/2026\\\/01\\\/malaga2-300x225.jpg\",\"datePublished\":\"2026-02-03T14:02:32+00:00\",\"dateModified\":\"2026-02-03T15:32:08+00:00\",\"breadcrumb\":{\"@id\":\"https:\\\/\\\/www.reservataximalaga.com\\\/fr\\\/visites-guidees\\\/#breadcrumb\"},\"inLanguage\":\"fr-FR\",\"potentialAction\":[{\"@type\":\"ReadAction\",\"target\":[\"https:\\\/\\\/www.reservataximalaga.com\\\/fr\\\/visites-guidees\\\/\"]}]},{\"@type\":\"ImageObject\",\"inLanguage\":\"fr-FR\",\"@id\":\"https:\\\/\\\/www.reservataximalaga.com\\\/fr\\\/visites-guidees\\\/#primaryimage\",\"url\":\"https:\\\/\\\/www.reservataximalaga.com\\\/wp-content\\\/uploads\\\/2026\\\/01\\\/malaga2-300x225.jpg\",\"contentUrl\":\"https:\\\/\\\/www.reservataximalaga.com\\\/wp-content\\\/uploads\\\/2026\\\/01\\\/malaga2-300x225.jpg\"},{\"@type\":\"BreadcrumbList\",\"@id\":\"https:\\\/\\\/www.reservataximalaga.com\\\/fr\\\/visites-guidees\\\/#breadcrumb\",\"itemListElement\":[{\"@type\":\"ListItem\",\"position\":1,\"name\":\"Portada\",\"item\":\"https:\\\/\\\/www.reservataximalaga.com\\\/fr\\\/\"},{\"@type\":\"ListItem\",\"position\":2,\"name\":\"Visites guid\u00e9es\"}]},{\"@type\":\"WebSite\",\"@id\":\"https:\\\/\\\/www.reservataximalaga.com\\\/#website\",\"url\":\"https:\\\/\\\/www.reservataximalaga.com\\\/\",\"name\":\"Taxi Aeropuerto Malaga. Transfer, traslado, reserva de taxi en Malaga.\",\"description\":\"\",\"publisher\":{\"@id\":\"https:\\\/\\\/www.reservataximalaga.com\\\/#organization\"},\"potentialAction\":[{\"@type\":\"SearchAction\",\"target\":{\"@type\":\"EntryPoint\",\"urlTemplate\":\"https:\\\/\\\/www.reservataximalaga.com\\\/?s={search_term_string}\"},\"query-input\":{\"@type\":\"PropertyValueSpecification\",\"valueRequired\":true,\"valueName\":\"search_term_string\"}}],\"inLanguage\":\"fr-FR\"},{\"@type\":\"Organization\",\"@id\":\"https:\\\/\\\/www.reservataximalaga.com\\\/#organization\",\"name\":\"Reserva Taxi Malaga\",\"url\":\"https:\\\/\\\/www.reservataximalaga.com\\\/\",\"logo\":{\"@type\":\"ImageObject\",\"inLanguage\":\"fr-FR\",\"@id\":\"https:\\\/\\\/www.reservataximalaga.com\\\/#\\\/schema\\\/logo\\\/image\\\/\",\"url\":\"https:\\\/\\\/www.reservataximalaga.com\\\/wp-content\\\/uploads\\\/2017\\\/12\\\/logo-taxi-malaga-reserva-retina-peq.png\",\"contentUrl\":\"https:\\\/\\\/www.reservataximalaga.com\\\/wp-content\\\/uploads\\\/2017\\\/12\\\/logo-taxi-malaga-reserva-retina-peq.png\",\"width\":400,\"height\":54,\"caption\":\"Reserva Taxi Malaga\"},\"image\":{\"@id\":\"https:\\\/\\\/www.reservataximalaga.com\\\/#\\\/schema\\\/logo\\\/image\\\/\"}}]}<\/script>\n<!-- \/ Yoast SEO plugin. -->","yoast_head_json":{"title":"Visites guid\u00e9es","robots":{"index":"index","follow":"follow","max-snippet":"max-snippet:-1","max-image-preview":"max-image-preview:large","max-video-preview":"max-video-preview:-1"},"canonical":"https:\/\/www.reservataximalaga.com\/fr\/visites-guidees\/","og_locale":"fr_FR","og_type":"article","og_title":"Visites guid\u00e9es","og_description":"Visites guid\u00e9es M\u00c1LAGA, CAPITALE Si vous souhaitez profiter d&rsquo;une v\u00e9ritable visite de l&rsquo;histoire de la ville de M\u00e1laga, avec ses principaux monuments et mus\u00e9es, et ainsi d\u00e9couvrir l&rsquo;\u00e9volution de cette importante ville, n&rsquo;h\u00e9sitez pas \u00e0 contacter nos services. Nous vous emm\u00e8nerons dans les coins les plus importants. M\u00e1laga est class\u00e9e ensemble historique. Au centre de [&hellip;]","og_url":"https:\/\/www.reservataximalaga.com\/fr\/visites-guidees\/","og_site_name":"Taxi Aeropuerto Malaga. Transfer, traslado, reserva de taxi en Malaga.","article_modified_time":"2026-02-03T15:32:08+00:00","og_image":[{"url":"https:\/\/www.reservataximalaga.com\/wp-content\/uploads\/2026\/01\/malaga2-300x225.jpg","type":"","width":"","height":""}],"twitter_misc":{"Dur\u00e9e de lecture estim\u00e9e":"9 minutes"},"schema":{"@context":"https:\/\/schema.org","@graph":[{"@type":"WebPage","@id":"https:\/\/www.reservataximalaga.com\/fr\/visites-guidees\/","url":"https:\/\/www.reservataximalaga.com\/fr\/visites-guidees\/","name":"Visites guid\u00e9es","isPartOf":{"@id":"https:\/\/www.reservataximalaga.com\/#website"},"primaryImageOfPage":{"@id":"https:\/\/www.reservataximalaga.com\/fr\/visites-guidees\/#primaryimage"},"image":{"@id":"https:\/\/www.reservataximalaga.com\/fr\/visites-guidees\/#primaryimage"},"thumbnailUrl":"https:\/\/www.reservataximalaga.com\/wp-content\/uploads\/2026\/01\/malaga2-300x225.jpg","datePublished":"2026-02-03T14:02:32+00:00","dateModified":"2026-02-03T15:32:08+00:00","breadcrumb":{"@id":"https:\/\/www.reservataximalaga.com\/fr\/visites-guidees\/#breadcrumb"},"inLanguage":"fr-FR","potentialAction":[{"@type":"ReadAction","target":["https:\/\/www.reservataximalaga.com\/fr\/visites-guidees\/"]}]},{"@type":"ImageObject","inLanguage":"fr-FR","@id":"https:\/\/www.reservataximalaga.com\/fr\/visites-guidees\/#primaryimage","url":"https:\/\/www.reservataximalaga.com\/wp-content\/uploads\/2026\/01\/malaga2-300x225.jpg","contentUrl":"https:\/\/www.reservataximalaga.com\/wp-content\/uploads\/2026\/01\/malaga2-300x225.jpg"},{"@type":"BreadcrumbList","@id":"https:\/\/www.reservataximalaga.com\/fr\/visites-guidees\/#breadcrumb","itemListElement":[{"@type":"ListItem","position":1,"name":"Portada","item":"https:\/\/www.reservataximalaga.com\/fr\/"},{"@type":"ListItem","position":2,"name":"Visites guid\u00e9es"}]},{"@type":"WebSite","@id":"https:\/\/www.reservataximalaga.com\/#website","url":"https:\/\/www.reservataximalaga.com\/","name":"Taxi Aeropuerto Malaga. Transfer, traslado, reserva de taxi en Malaga.","description":"","publisher":{"@id":"https:\/\/www.reservataximalaga.com\/#organization"},"potentialAction":[{"@type":"SearchAction","target":{"@type":"EntryPoint","urlTemplate":"https:\/\/www.reservataximalaga.com\/?s={search_term_string}"},"query-input":{"@type":"PropertyValueSpecification","valueRequired":true,"valueName":"search_term_string"}}],"inLanguage":"fr-FR"},{"@type":"Organization","@id":"https:\/\/www.reservataximalaga.com\/#organization","name":"Reserva Taxi Malaga","url":"https:\/\/www.reservataximalaga.com\/","logo":{"@type":"ImageObject","inLanguage":"fr-FR","@id":"https:\/\/www.reservataximalaga.com\/#\/schema\/logo\/image\/","url":"https:\/\/www.reservataximalaga.com\/wp-content\/uploads\/2017\/12\/logo-taxi-malaga-reserva-retina-peq.png","contentUrl":"https:\/\/www.reservataximalaga.com\/wp-content\/uploads\/2017\/12\/logo-taxi-malaga-reserva-retina-peq.png","width":400,"height":54,"caption":"Reserva Taxi Malaga"},"image":{"@id":"https:\/\/www.reservataximalaga.com\/#\/schema\/logo\/image\/"}}]}},"_links":{"self":[{"href":"https:\/\/www.reservataximalaga.com\/fr\/wp-json\/wp\/v2\/pages\/5924","targetHints":{"allow":["GET"]}}],"collection":[{"href":"https:\/\/www.reservataximalaga.com\/fr\/wp-json\/wp\/v2\/pages"}],"about":[{"href":"https:\/\/www.reservataximalaga.com\/fr\/wp-json\/wp\/v2\/types\/page"}],"author":[{"embeddable":true,"href":"https:\/\/www.reservataximalaga.com\/fr\/wp-json\/wp\/v2\/users\/16"}],"replies":[{"embeddable":true,"href":"https:\/\/www.reservataximalaga.com\/fr\/wp-json\/wp\/v2\/comments?post=5924"}],"version-history":[{"count":2,"href":"https:\/\/www.reservataximalaga.com\/fr\/wp-json\/wp\/v2\/pages\/5924\/revisions"}],"predecessor-version":[{"id":6043,"href":"https:\/\/www.reservataximalaga.com\/fr\/wp-json\/wp\/v2\/pages\/5924\/revisions\/6043"}],"wp:attachment":[{"href":"https:\/\/www.reservataximalaga.com\/fr\/wp-json\/wp\/v2\/media?parent=5924"}],"curies":[{"name":"wp","href":"https:\/\/api.w.org\/{rel}","templated":true}]}}